{"id":1603,"date":"2023-01-06T17:07:37","date_gmt":"2023-01-06T14:07:37","guid":{"rendered":"https:\/\/compra.uth.gr\/cursos\/"},"modified":"2023-10-13T21:19:22","modified_gmt":"2023-10-13T18:19:22","slug":"cursos","status":"publish","type":"page","link":"https:\/\/compra.uth.gr\/es\/cursos\/","title":{"rendered":"Cursos"},"content":{"rendered":"\t\t<div data-elementor-type=\"wp-page\" data-elementor-id=\"1603\" class=\"elementor elementor-1603 elementor-14\">\n\t\t\t\t\t\t<section class=\"elementor-section elementor-top-section elementor-element elementor-element-3eae008 elementor-section-boxed elementor-section-height-default elementor-section-height-default\" data-id=\"3eae008\" data-element_type=\"section\">\r\n\t\t\r\n\t\t\t\t\t\t\t<div class=\"elementor-container elementor-column-gap-default\">\r\n\t\t\t\t\t\t\t\t\t\t\t<div class=\"elementor-column elementor-col-100 elementor-top-column elementor-element elementor-element-1c5f9e6\" data-id=\"1c5f9e6\" data-element_type=\"column\">\r\n\t\t\t\t\t<div class=\"elementor-widget-wrap elementor-element-populated\">\r\n\t\t\t\t\t\t\t\t<div class=\"elementor-element elementor-element-fa7ba9b elementor-widget elementor-widget-porto_portfolios\" data-id=\"fa7ba9b\" data-element_type=\"widget\" data-widget_type=\"porto_portfolios.default\">\n\t\t\t\t<div class=\"elementor-widget-container\">\n\t\t\t\t\t<div class=\"porto-portfolios porto-portfoliosswnr wpb_content_element  porto-portfolio-d751713988987e9331980363e24189ce\">\r\n\t<div class=\"page-portfolios clearfix portfolios-grid\" id=\"porto_portfolios_jyw4\">\r\n\r\n\t\r\n\t\t\t<ul class=\"portfolio-filter nav sort-source nav-pills\">\r\n\t\t\t<li class=\"active\" data-filter=\"*\"><a href=\"#\">Show All<\/a><\/li>\r\n\t\t\t\t\t\t\t<li data-filter=\"tecnologia-es\"><a href=\"#\">Tecnolog\u00eda<\/a><\/li>\r\n\t\t\t\t\t\t\t<li data-filter=\"comunicacion\"><a href=\"#\">Comunicaci\u00f3n<\/a><\/li>\r\n\t\t\t\t\t\t\t<li data-filter=\"sociologia-de-la-educacion-juventud-y-infancia\"><a href=\"#\">Sociolog\u00eda de la Educaci\u00f3n, Juventud y Infancia<\/a><\/li>\r\n\t\t\t\t\t\t\t<li data-filter=\"introduccion\"><a href=\"#\">Introducci\u00f3n<\/a><\/li>\r\n\t\t\t\t\t<\/ul>\r\n\t\t\t\t\t<hr>\r\n\t\t\t\r\n\t\t\t<div class=\"portfolios-container portfolio-row portfolio-row-3 classic\">\r\n\r\n\t\r\n\t\t<article class=\"portfolio portfolio-grid portfolio-col-3 introduccion post-2195 type-portfolio status-publish has-post-thumbnail hentry portfolio_cat-introduccion\">\n\t\t<h3 class=\"entry-title\" style=\"display: none;\">M\u00f3dulo Introductorio: Los bienes comunes en la educaci\u00f3n<\/h3><span class=\"vcard\" style=\"display: none;\"><span class=\"fn\"><a href=\"https:\/\/compra.uth.gr\/es\/author\/itprojadmin\/\" title=\"Entradas de IT Administrator\" rel=\"author\">IT Administrator<\/a><\/span><\/span><span class=\"updated\" style=\"display:none\">2023-10-13T21:17:26+03:00<\/span>\t\t<div class=\"portfolio-item default\">\n\t\t\t\n\t\t\t<a class=\"text-decoration-none portfolio-link\" href=\"https:\/\/compra.uth.gr\/es\/course\/modulo-introductorio-los-bienes-comunes-en-la-educacion\/\">\n\t\t\t\t<span class=\"thumb-info thumb-info-lighten\">\n\t\t\t\t\t<span class=\"thumb-info-wrapper\">\n\t\t\t\t\t\t\t\t\t\t\t\t\t\t\t<img fetchpriority=\"high\" decoding=\"async\" class=\"img-responsive\" src=\"https:\/\/compra.uth.gr\/wp-content\/uploads\/2022\/12\/Module10.jpg\" alt=\"\" width=\"263\" height=\"201\" \/>\n\t\t\t\t\t\t\t\t\t\n\t\t\t\t\t\t\n\t\t\t\t\t\t\n\t\t\t\t\t\t\t\t\t\t\t\t\t\t\t\t<span class=\"thumb-info-title\">\n\n\t\t\t\t\t\t\t\t\t\t<span class=\"thumb-info-inner\">M\u00f3dulo Introductorio: Los bienes comunes en la educaci\u00f3n<\/span>\n\n\t\t\t\t\t\t\t\t\t\t\t\t\t\t\t\t\t\t\t\t\t<span class=\"thumb-info-type\">Introducci\u00f3n<\/span>\n\t\t\t\t\t\t\t\t\t\t\n\t\t\t\t\t\t\t\t\t<\/span>\n\t\t\t\t\t\t\t\t\t\t\t\t\t\t\t\t\t\t\t\t\t\t\t\t\t\t\t<span class=\"thumb-info-action\">\n\t\t\t\t\t\t\t\t\t\t\t\t\t\t\t\t\t<span class=\"thumb-info-action-icon thumb-info-action-icon-dark opacity-8\"><i class=\"fa fa-link\"><\/i><\/span>\n\t\t\t\t\t\t\t\t\t\t\t\t\t\t\t\t\t\t\t\t\t\t\t<\/span>\n\t\t\t\t\t\t\t\t\t\t\t\t\t\t\t\t\t<\/span>\n\t\t\t\t<\/span>\n\t\t\t<\/a>\n\t\t\t\t\t\t\t\t<\/div>\n\t<\/article>\n\t\t<article class=\"portfolio portfolio-grid portfolio-col-3 sociologia-de-la-educacion-juventud-y-infancia post-2193 type-portfolio status-publish has-post-thumbnail hentry portfolio_cat-sociologia-de-la-educacion-juventud-y-infancia\">\n\t\t<h3 class=\"entry-title\" style=\"display: none;\">M\u00f3dulo 1. Experimentalismo, democracia y bienes comunes educativos<\/h3><span class=\"vcard\" style=\"display: none;\"><span class=\"fn\"><a href=\"https:\/\/compra.uth.gr\/es\/author\/itprojadmin\/\" title=\"Entradas de IT Administrator\" rel=\"author\">IT Administrator<\/a><\/span><\/span><span class=\"updated\" style=\"display:none\">2023-10-13T21:17:01+03:00<\/span>\t\t<div class=\"portfolio-item default\">\n\t\t\t\n\t\t\t<a class=\"text-decoration-none portfolio-link\" href=\"https:\/\/compra.uth.gr\/es\/course\/modulo-1-experimentalismo-democracia-y-bienes-comunes-educativos\/\">\n\t\t\t\t<span class=\"thumb-info thumb-info-lighten\">\n\t\t\t\t\t<span class=\"thumb-info-wrapper\">\n\t\t\t\t\t\t\t\t\t\t\t\t\t\t\t<img decoding=\"async\" class=\"img-responsive\" src=\"https:\/\/compra.uth.gr\/wp-content\/uploads\/2022\/12\/Module13.jpg\" alt=\"\" width=\"263\" height=\"201\" \/>\n\t\t\t\t\t\t\t\t\t\n\t\t\t\t\t\t\n\t\t\t\t\t\t\n\t\t\t\t\t\t\t\t\t\t\t\t\t\t\t\t<span class=\"thumb-info-title\">\n\n\t\t\t\t\t\t\t\t\t\t<span class=\"thumb-info-inner\">M\u00f3dulo 1. Experimentalismo, democracia y bienes comunes educativos<\/span>\n\n\t\t\t\t\t\t\t\t\t\t\t\t\t\t\t\t\t\t\t\t\t<span class=\"thumb-info-type\">Sociolog\u00eda de la Educaci\u00f3n, Juventud y Infancia<\/span>\n\t\t\t\t\t\t\t\t\t\t\n\t\t\t\t\t\t\t\t\t<\/span>\n\t\t\t\t\t\t\t\t\t\t\t\t\t\t\t\t\t\t\t\t\t\t\t\t\t\t\t<span class=\"thumb-info-action\">\n\t\t\t\t\t\t\t\t\t\t\t\t\t\t\t\t\t<span class=\"thumb-info-action-icon thumb-info-action-icon-dark opacity-8\"><i class=\"fa fa-link\"><\/i><\/span>\n\t\t\t\t\t\t\t\t\t\t\t\t\t\t\t\t\t\t\t\t\t\t\t<\/span>\n\t\t\t\t\t\t\t\t\t\t\t\t\t\t\t\t\t<\/span>\n\t\t\t\t<\/span>\n\t\t\t<\/a>\n\t\t\t\t\t\t\t\t<\/div>\n\t<\/article>\n\t\t<article class=\"portfolio portfolio-grid portfolio-col-3 sociologia-de-la-educacion-juventud-y-infancia post-2191 type-portfolio status-publish has-post-thumbnail hentry portfolio_cat-sociologia-de-la-educacion-juventud-y-infancia\">\n\t\t<h3 class=\"entry-title\" style=\"display: none;\">M\u00f3dulo 2. Cuidado, riesgo, comunidad y bienes comunes educativos<\/h3><span class=\"vcard\" style=\"display: none;\"><span class=\"fn\"><a href=\"https:\/\/compra.uth.gr\/es\/author\/itprojadmin\/\" title=\"Entradas de IT Administrator\" rel=\"author\">IT Administrator<\/a><\/span><\/span><span class=\"updated\" style=\"display:none\">2023-10-13T21:16:30+03:00<\/span>\t\t<div class=\"portfolio-item default\">\n\t\t\t\n\t\t\t<a class=\"text-decoration-none portfolio-link\" href=\"https:\/\/compra.uth.gr\/es\/course\/modulo-2-cuidado-riesgo-comunidad-y-bienes-comunes-educativos\/\">\n\t\t\t\t<span class=\"thumb-info thumb-info-lighten\">\n\t\t\t\t\t<span class=\"thumb-info-wrapper\">\n\t\t\t\t\t\t\t\t\t\t\t\t\t\t\t<img decoding=\"async\" class=\"img-responsive\" src=\"https:\/\/compra.uth.gr\/wp-content\/uploads\/2022\/12\/Module9.jpg\" alt=\"\" width=\"263\" height=\"201\" \/>\n\t\t\t\t\t\t\t\t\t\n\t\t\t\t\t\t\n\t\t\t\t\t\t\n\t\t\t\t\t\t\t\t\t\t\t\t\t\t\t\t<span class=\"thumb-info-title\">\n\n\t\t\t\t\t\t\t\t\t\t<span class=\"thumb-info-inner\">M\u00f3dulo 2. Cuidado, riesgo, comunidad y bienes comunes educativos<\/span>\n\n\t\t\t\t\t\t\t\t\t\t\t\t\t\t\t\t\t\t\t\t\t<span class=\"thumb-info-type\">Sociolog\u00eda de la Educaci\u00f3n, Juventud y Infancia<\/span>\n\t\t\t\t\t\t\t\t\t\t\n\t\t\t\t\t\t\t\t\t<\/span>\n\t\t\t\t\t\t\t\t\t\t\t\t\t\t\t\t\t\t\t\t\t\t\t\t\t\t\t<span class=\"thumb-info-action\">\n\t\t\t\t\t\t\t\t\t\t\t\t\t\t\t\t\t<span class=\"thumb-info-action-icon thumb-info-action-icon-dark opacity-8\"><i class=\"fa fa-link\"><\/i><\/span>\n\t\t\t\t\t\t\t\t\t\t\t\t\t\t\t\t\t\t\t\t\t\t\t<\/span>\n\t\t\t\t\t\t\t\t\t\t\t\t\t\t\t\t\t<\/span>\n\t\t\t\t<\/span>\n\t\t\t<\/a>\n\t\t\t\t\t\t\t\t<\/div>\n\t<\/article>\n\t\t<article class=\"portfolio portfolio-grid portfolio-col-3 sociologia-de-la-educacion-juventud-y-infancia post-2189 type-portfolio status-publish has-post-thumbnail hentry portfolio_cat-sociologia-de-la-educacion-juventud-y-infancia\">\n\t\t<h3 class=\"entry-title\" style=\"display: none;\">M\u00f3dulo 3. Contextos cambiantes de la infancia y la juventud en un mundo globalizado<\/h3><span class=\"vcard\" style=\"display: none;\"><span class=\"fn\"><a href=\"https:\/\/compra.uth.gr\/es\/author\/itprojadmin\/\" title=\"Entradas de IT Administrator\" rel=\"author\">IT Administrator<\/a><\/span><\/span><span class=\"updated\" style=\"display:none\">2023-10-13T21:16:06+03:00<\/span>\t\t<div class=\"portfolio-item default\">\n\t\t\t\n\t\t\t<a class=\"text-decoration-none portfolio-link\" href=\"https:\/\/compra.uth.gr\/es\/course\/modulo-3-contextos-cambiantes-de-la-infancia-y-la-juventud-en-un-mundo-globalizado\/\">\n\t\t\t\t<span class=\"thumb-info thumb-info-lighten\">\n\t\t\t\t\t<span class=\"thumb-info-wrapper\">\n\t\t\t\t\t\t\t\t\t\t\t\t\t\t\t<img loading=\"lazy\" decoding=\"async\" class=\"img-responsive\" src=\"https:\/\/compra.uth.gr\/wp-content\/uploads\/2022\/12\/Module4.jpg\" alt=\"\" width=\"263\" height=\"201\" \/>\n\t\t\t\t\t\t\t\t\t\n\t\t\t\t\t\t\n\t\t\t\t\t\t\n\t\t\t\t\t\t\t\t\t\t\t\t\t\t\t\t<span class=\"thumb-info-title\">\n\n\t\t\t\t\t\t\t\t\t\t<span class=\"thumb-info-inner\">M\u00f3dulo 3. Contextos cambiantes de la infancia y la juventud en un mundo globalizado<\/span>\n\n\t\t\t\t\t\t\t\t\t\t\t\t\t\t\t\t\t\t\t\t\t<span class=\"thumb-info-type\">Sociolog\u00eda de la Educaci\u00f3n, Juventud y Infancia<\/span>\n\t\t\t\t\t\t\t\t\t\t\n\t\t\t\t\t\t\t\t\t<\/span>\n\t\t\t\t\t\t\t\t\t\t\t\t\t\t\t\t\t\t\t\t\t\t\t\t\t\t\t<span class=\"thumb-info-action\">\n\t\t\t\t\t\t\t\t\t\t\t\t\t\t\t\t\t<span class=\"thumb-info-action-icon thumb-info-action-icon-dark opacity-8\"><i class=\"fa fa-link\"><\/i><\/span>\n\t\t\t\t\t\t\t\t\t\t\t\t\t\t\t\t\t\t\t\t\t\t\t<\/span>\n\t\t\t\t\t\t\t\t\t\t\t\t\t\t\t\t\t<\/span>\n\t\t\t\t<\/span>\n\t\t\t<\/a>\n\t\t\t\t\t\t\t\t<\/div>\n\t<\/article>\n\t\t<article class=\"portfolio portfolio-grid portfolio-col-3 comunicacion post-2185 type-portfolio status-publish has-post-thumbnail hentry portfolio_cat-comunicacion\">\n\t\t<h3 class=\"entry-title\" style=\"display: none;\">M\u00f3dulo 4. Resoluci\u00f3n de conflictos, procesos de toma de decisiones y habilidades de comunicaci\u00f3n.<\/h3><span class=\"vcard\" style=\"display: none;\"><span class=\"fn\"><a href=\"https:\/\/compra.uth.gr\/es\/author\/itprojadmin\/\" title=\"Entradas de IT Administrator\" rel=\"author\">IT Administrator<\/a><\/span><\/span><span class=\"updated\" style=\"display:none\">2023-10-13T21:15:37+03:00<\/span>\t\t<div class=\"portfolio-item default\">\n\t\t\t\n\t\t\t<a class=\"text-decoration-none portfolio-link\" href=\"https:\/\/compra.uth.gr\/es\/course\/modulo-4-resolucion-de-conflictos-procesos-de-toma-de-decisiones-y-habilidades-de-comunicacion\/\">\n\t\t\t\t<span class=\"thumb-info thumb-info-lighten\">\n\t\t\t\t\t<span class=\"thumb-info-wrapper\">\n\t\t\t\t\t\t\t\t\t\t\t\t\t\t\t<img loading=\"lazy\" decoding=\"async\" class=\"img-responsive\" src=\"https:\/\/compra.uth.gr\/wp-content\/uploads\/2022\/12\/Module2.jpg\" alt=\"\" width=\"263\" height=\"201\" \/>\n\t\t\t\t\t\t\t\t\t\n\t\t\t\t\t\t\n\t\t\t\t\t\t\n\t\t\t\t\t\t\t\t\t\t\t\t\t\t\t\t<span class=\"thumb-info-title\">\n\n\t\t\t\t\t\t\t\t\t\t<span class=\"thumb-info-inner\">M\u00f3dulo 4. Resoluci\u00f3n de conflictos, procesos de toma de decisiones y habilidades de comunicaci\u00f3n.<\/span>\n\n\t\t\t\t\t\t\t\t\t\t\t\t\t\t\t\t\t\t\t\t\t<span class=\"thumb-info-type\">Comunicaci\u00f3n<\/span>\n\t\t\t\t\t\t\t\t\t\t\n\t\t\t\t\t\t\t\t\t<\/span>\n\t\t\t\t\t\t\t\t\t\t\t\t\t\t\t\t\t\t\t\t\t\t\t\t\t\t\t<span class=\"thumb-info-action\">\n\t\t\t\t\t\t\t\t\t\t\t\t\t\t\t\t\t<span class=\"thumb-info-action-icon thumb-info-action-icon-dark opacity-8\"><i class=\"fa fa-link\"><\/i><\/span>\n\t\t\t\t\t\t\t\t\t\t\t\t\t\t\t\t\t\t\t\t\t\t\t<\/span>\n\t\t\t\t\t\t\t\t\t\t\t\t\t\t\t\t\t<\/span>\n\t\t\t\t<\/span>\n\t\t\t<\/a>\n\t\t\t\t\t\t\t\t<\/div>\n\t<\/article>\n\t\t<article class=\"portfolio portfolio-grid portfolio-col-3 comunicacion post-2183 type-portfolio status-publish has-post-thumbnail hentry portfolio_cat-comunicacion\">\n\t\t<h3 class=\"entry-title\" style=\"display: none;\">M\u00f3dulo 5. Comunicaci\u00f3n y comunidad intercultural e intergeneracional<\/h3><span class=\"vcard\" style=\"display: none;\"><span class=\"fn\"><a href=\"https:\/\/compra.uth.gr\/es\/author\/itprojadmin\/\" title=\"Entradas de IT Administrator\" rel=\"author\">IT Administrator<\/a><\/span><\/span><span class=\"updated\" style=\"display:none\">2023-10-13T21:14:41+03:00<\/span>\t\t<div class=\"portfolio-item default\">\n\t\t\t\n\t\t\t<a class=\"text-decoration-none portfolio-link\" href=\"https:\/\/compra.uth.gr\/es\/course\/modulo-5-comunicacion-y-comunidad-intercultural-e-intergeneracional\/\">\n\t\t\t\t<span class=\"thumb-info thumb-info-lighten\">\n\t\t\t\t\t<span class=\"thumb-info-wrapper\">\n\t\t\t\t\t\t\t\t\t\t\t\t\t\t\t<img loading=\"lazy\" decoding=\"async\" class=\"img-responsive\" src=\"https:\/\/compra.uth.gr\/wp-content\/uploads\/2018\/05\/course-6.jpg\" alt=\"\" width=\"263\" height=\"201\" \/>\n\t\t\t\t\t\t\t\t\t\n\t\t\t\t\t\t\n\t\t\t\t\t\t\n\t\t\t\t\t\t\t\t\t\t\t\t\t\t\t\t<span class=\"thumb-info-title\">\n\n\t\t\t\t\t\t\t\t\t\t<span class=\"thumb-info-inner\">M\u00f3dulo 5. Comunicaci\u00f3n y comunidad intercultural e intergeneracional<\/span>\n\n\t\t\t\t\t\t\t\t\t\t\t\t\t\t\t\t\t\t\t\t\t<span class=\"thumb-info-type\">Comunicaci\u00f3n<\/span>\n\t\t\t\t\t\t\t\t\t\t\n\t\t\t\t\t\t\t\t\t<\/span>\n\t\t\t\t\t\t\t\t\t\t\t\t\t\t\t\t\t\t\t\t\t\t\t\t\t\t\t<span class=\"thumb-info-action\">\n\t\t\t\t\t\t\t\t\t\t\t\t\t\t\t\t\t<span class=\"thumb-info-action-icon thumb-info-action-icon-dark opacity-8\"><i class=\"fa fa-link\"><\/i><\/span>\n\t\t\t\t\t\t\t\t\t\t\t\t\t\t\t\t\t\t\t\t\t\t\t<\/span>\n\t\t\t\t\t\t\t\t\t\t\t\t\t\t\t\t\t<\/span>\n\t\t\t\t<\/span>\n\t\t\t<\/a>\n\t\t\t\t\t\t\t\t<\/div>\n\t<\/article>\n\t\t<article class=\"portfolio portfolio-grid portfolio-col-3 comunicacion post-2181 type-portfolio status-publish has-post-thumbnail hentry portfolio_cat-comunicacion\">\n\t\t<h3 class=\"entry-title\" style=\"display: none;\">M\u00f3dulo 6. Los medios y el imaginario de los comunes<\/h3><span class=\"vcard\" style=\"display: none;\"><span class=\"fn\"><a href=\"https:\/\/compra.uth.gr\/es\/author\/itprojadmin\/\" title=\"Entradas de IT Administrator\" rel=\"author\">IT Administrator<\/a><\/span><\/span><span class=\"updated\" style=\"display:none\">2023-10-13T21:14:09+03:00<\/span>\t\t<div class=\"portfolio-item default\">\n\t\t\t\n\t\t\t<a class=\"text-decoration-none portfolio-link\" href=\"https:\/\/compra.uth.gr\/es\/course\/modulo-6-los-medios-y-el-imaginario-de-los-comunes\/\">\n\t\t\t\t<span class=\"thumb-info thumb-info-lighten\">\n\t\t\t\t\t<span class=\"thumb-info-wrapper\">\n\t\t\t\t\t\t\t\t\t\t\t\t\t\t\t<img loading=\"lazy\" decoding=\"async\" class=\"img-responsive\" src=\"https:\/\/compra.uth.gr\/wp-content\/uploads\/2022\/12\/Module12.jpg\" alt=\"\" width=\"263\" height=\"201\" \/>\n\t\t\t\t\t\t\t\t\t\n\t\t\t\t\t\t\n\t\t\t\t\t\t\n\t\t\t\t\t\t\t\t\t\t\t\t\t\t\t\t<span class=\"thumb-info-title\">\n\n\t\t\t\t\t\t\t\t\t\t<span class=\"thumb-info-inner\">M\u00f3dulo 6. Los medios y el imaginario de los comunes<\/span>\n\n\t\t\t\t\t\t\t\t\t\t\t\t\t\t\t\t\t\t\t\t\t<span class=\"thumb-info-type\">Comunicaci\u00f3n<\/span>\n\t\t\t\t\t\t\t\t\t\t\n\t\t\t\t\t\t\t\t\t<\/span>\n\t\t\t\t\t\t\t\t\t\t\t\t\t\t\t\t\t\t\t\t\t\t\t\t\t\t\t<span class=\"thumb-info-action\">\n\t\t\t\t\t\t\t\t\t\t\t\t\t\t\t\t\t<span class=\"thumb-info-action-icon thumb-info-action-icon-dark opacity-8\"><i class=\"fa fa-link\"><\/i><\/span>\n\t\t\t\t\t\t\t\t\t\t\t\t\t\t\t\t\t\t\t\t\t\t\t<\/span>\n\t\t\t\t\t\t\t\t\t\t\t\t\t\t\t\t\t<\/span>\n\t\t\t\t<\/span>\n\t\t\t<\/a>\n\t\t\t\t\t\t\t\t<\/div>\n\t<\/article>\n\t\t<article class=\"portfolio portfolio-grid portfolio-col-3 tecnologia-es post-2179 type-portfolio status-publish has-post-thumbnail hentry portfolio_cat-tecnologia-es\">\n\t\t<h3 class=\"entry-title\" style=\"display: none;\">M\u00f3dulo 7. Tecnolog\u00eda y pr\u00e1cticas de puesta en com\u00fan entre pares<\/h3><span class=\"vcard\" style=\"display: none;\"><span class=\"fn\"><a href=\"https:\/\/compra.uth.gr\/es\/author\/itprojadmin\/\" title=\"Entradas de IT Administrator\" rel=\"author\">IT Administrator<\/a><\/span><\/span><span class=\"updated\" style=\"display:none\">2023-10-13T21:07:07+03:00<\/span>\t\t<div class=\"portfolio-item default\">\n\t\t\t\n\t\t\t<a class=\"text-decoration-none portfolio-link\" href=\"https:\/\/compra.uth.gr\/es\/course\/modulo-7-tecnologia-y-practicas-de-puesta-en-comun-entre-pares\/\">\n\t\t\t\t<span class=\"thumb-info thumb-info-lighten\">\n\t\t\t\t\t<span class=\"thumb-info-wrapper\">\n\t\t\t\t\t\t\t\t\t\t\t\t\t\t\t<img loading=\"lazy\" decoding=\"async\" class=\"img-responsive\" src=\"https:\/\/compra.uth.gr\/wp-content\/uploads\/2018\/05\/course-3.jpg\" alt=\"\" width=\"263\" height=\"201\" \/>\n\t\t\t\t\t\t\t\t\t\n\t\t\t\t\t\t\n\t\t\t\t\t\t\n\t\t\t\t\t\t\t\t\t\t\t\t\t\t\t\t<span class=\"thumb-info-title\">\n\n\t\t\t\t\t\t\t\t\t\t<span class=\"thumb-info-inner\">M\u00f3dulo 7. Tecnolog\u00eda y pr\u00e1cticas de puesta en com\u00fan entre pares<\/span>\n\n\t\t\t\t\t\t\t\t\t\t\t\t\t\t\t\t\t\t\t\t\t<span class=\"thumb-info-type\">Tecnolog\u00eda<\/span>\n\t\t\t\t\t\t\t\t\t\t\n\t\t\t\t\t\t\t\t\t<\/span>\n\t\t\t\t\t\t\t\t\t\t\t\t\t\t\t\t\t\t\t\t\t\t\t\t\t\t\t<span class=\"thumb-info-action\">\n\t\t\t\t\t\t\t\t\t\t\t\t\t\t\t\t\t<span class=\"thumb-info-action-icon thumb-info-action-icon-dark opacity-8\"><i class=\"fa fa-link\"><\/i><\/span>\n\t\t\t\t\t\t\t\t\t\t\t\t\t\t\t\t\t\t\t\t\t\t\t<\/span>\n\t\t\t\t\t\t\t\t\t\t\t\t\t\t\t\t\t<\/span>\n\t\t\t\t<\/span>\n\t\t\t<\/a>\n\t\t\t\t\t\t\t\t<\/div>\n\t<\/article>\n\t\t<article class=\"portfolio portfolio-grid portfolio-col-3 tecnologia-es post-2175 type-portfolio status-publish has-post-thumbnail hentry portfolio_cat-tecnologia-es\">\n\t\t<h3 class=\"entry-title\" style=\"display: none;\">M\u00f3dulo 8. Plataformas y herramientas educativas comunes<\/h3><span class=\"vcard\" style=\"display: none;\"><span class=\"fn\"><a href=\"https:\/\/compra.uth.gr\/es\/author\/itprojadmin\/\" title=\"Entradas de IT Administrator\" rel=\"author\">IT Administrator<\/a><\/span><\/span><span class=\"updated\" style=\"display:none\">2023-10-13T21:04:03+03:00<\/span>\t\t<div class=\"portfolio-item default\">\n\t\t\t\n\t\t\t<a class=\"text-decoration-none portfolio-link\" href=\"https:\/\/compra.uth.gr\/es\/course\/modulo-8-plataformas-y-herramientas-educativas-comunes\/\">\n\t\t\t\t<span class=\"thumb-info thumb-info-lighten\">\n\t\t\t\t\t<span class=\"thumb-info-wrapper\">\n\t\t\t\t\t\t\t\t\t\t\t\t\t\t\t<img loading=\"lazy\" decoding=\"async\" class=\"img-responsive\" src=\"https:\/\/compra.uth.gr\/wp-content\/uploads\/2022\/12\/Module7.jpg\" alt=\"\" width=\"263\" height=\"201\" \/>\n\t\t\t\t\t\t\t\t\t\n\t\t\t\t\t\t\n\t\t\t\t\t\t\n\t\t\t\t\t\t\t\t\t\t\t\t\t\t\t\t<span class=\"thumb-info-title\">\n\n\t\t\t\t\t\t\t\t\t\t<span class=\"thumb-info-inner\">M\u00f3dulo 8. Plataformas y herramientas educativas comunes<\/span>\n\n\t\t\t\t\t\t\t\t\t\t\t\t\t\t\t\t\t\t\t\t\t<span class=\"thumb-info-type\">Tecnolog\u00eda<\/span>\n\t\t\t\t\t\t\t\t\t\t\n\t\t\t\t\t\t\t\t\t<\/span>\n\t\t\t\t\t\t\t\t\t\t\t\t\t\t\t\t\t\t\t\t\t\t\t\t\t\t\t<span class=\"thumb-info-action\">\n\t\t\t\t\t\t\t\t\t\t\t\t\t\t\t\t\t<span class=\"thumb-info-action-icon thumb-info-action-icon-dark opacity-8\"><i class=\"fa fa-link\"><\/i><\/span>\n\t\t\t\t\t\t\t\t\t\t\t\t\t\t\t\t\t\t\t\t\t\t\t<\/span>\n\t\t\t\t\t\t\t\t\t\t\t\t\t\t\t\t\t<\/span>\n\t\t\t\t<\/span>\n\t\t\t<\/a>\n\t\t\t\t\t\t\t\t<\/div>\n\t<\/article>\n\t\t<article class=\"portfolio portfolio-grid portfolio-col-3 tecnologia-es post-2173 type-portfolio status-publish has-post-thumbnail hentry portfolio_cat-tecnologia-es\">\n\t\t<h3 class=\"entry-title\" style=\"display: none;\">M\u00f3dulo 9. Identidades y riesgos en un universo com\u00fan digitalizado<\/h3><span class=\"vcard\" style=\"display: none;\"><span class=\"fn\"><a href=\"https:\/\/compra.uth.gr\/es\/author\/itprojadmin\/\" title=\"Entradas de IT Administrator\" rel=\"author\">IT Administrator<\/a><\/span><\/span><span class=\"updated\" style=\"display:none\">2023-10-13T21:03:02+03:00<\/span>\t\t<div class=\"portfolio-item default\">\n\t\t\t\n\t\t\t<a class=\"text-decoration-none portfolio-link\" href=\"https:\/\/compra.uth.gr\/es\/course\/modulo-9-identidades-y-riesgos-en-un-universo-comun-digitalizado\/\">\n\t\t\t\t<span class=\"thumb-info thumb-info-lighten\">\n\t\t\t\t\t<span class=\"thumb-info-wrapper\">\n\t\t\t\t\t\t\t\t\t\t\t\t\t\t\t<img loading=\"lazy\" decoding=\"async\" class=\"img-responsive\" src=\"https:\/\/compra.uth.gr\/wp-content\/uploads\/2022\/12\/Module5.jpg\" alt=\"\" width=\"263\" height=\"201\" \/>\n\t\t\t\t\t\t\t\t\t\n\t\t\t\t\t\t\n\t\t\t\t\t\t\n\t\t\t\t\t\t\t\t\t\t\t\t\t\t\t\t<span class=\"thumb-info-title\">\n\n\t\t\t\t\t\t\t\t\t\t<span class=\"thumb-info-inner\">M\u00f3dulo 9. Identidades y riesgos en un universo com\u00fan digitalizado<\/span>\n\n\t\t\t\t\t\t\t\t\t\t\t\t\t\t\t\t\t\t\t\t\t<span class=\"thumb-info-type\">Tecnolog\u00eda<\/span>\n\t\t\t\t\t\t\t\t\t\t\n\t\t\t\t\t\t\t\t\t<\/span>\n\t\t\t\t\t\t\t\t\t\t\t\t\t\t\t\t\t\t\t\t\t\t\t\t\t\t\t<span class=\"thumb-info-action\">\n\t\t\t\t\t\t\t\t\t\t\t\t\t\t\t\t\t<span class=\"thumb-info-action-icon thumb-info-action-icon-dark opacity-8\"><i class=\"fa fa-link\"><\/i><\/span>\n\t\t\t\t\t\t\t\t\t\t\t\t\t\t\t\t\t\t\t\t\t\t\t<\/span>\n\t\t\t\t\t\t\t\t\t\t\t\t\t\t\t\t\t<\/span>\n\t\t\t\t<\/span>\n\t\t\t<\/a>\n\t\t\t\t\t\t\t\t<\/div>\n\t<\/article>\n\t\r\n\t\r\n\t\r\n\t\t<\/div>\r\n\r\n\t\r\n\t\r\n\t<\/div>\r\n\r\n\t\r\n\t\r\n\t<\/div>\t\t\t\t<\/div>\n\t\t\t\t<\/div>\n\t\t\t\t\t<\/div>\r\n\t\t\t\t<\/div>\r\n\t\t\t\t\t<\/div>\r\n\t\t\t\t<\/section>\r\n\t\t\t\t<\/div>\n\t\t","protected":false},"excerpt":{"rendered":"<p>Show All Tecnolog\u00eda Comunicaci\u00f3n Sociolog\u00eda de la Educaci\u00f3n, Juventud y Infancia Introducci\u00f3n M\u00f3dulo Introductorio: Los bienes comunes en la educaci\u00f3n IT Administrator2023-10-13T21:17:26+03:00 M\u00f3dulo Introductorio: Los bienes comunes en la educaci\u00f3n Introducci\u00f3n M\u00f3dulo 1. Experimentalismo, democracia y bienes comunes educativos IT Administrator2023-10-13T21:17:01+03:00 M\u00f3dulo 1. Experimentalismo, democracia y bienes comunes educativos Sociolog\u00eda de la Educaci\u00f3n, Juventud y [&hellip;]<\/p>\n","protected":false},"author":1,"featured_media":0,"parent":0,"menu_order":0,"comment_status":"closed","ping_status":"closed","template":"","meta":{"content-type":"","footnotes":""},"class_list":["post-1603","page","type-page","status-publish","hentry"],"_links":{"self":[{"href":"https:\/\/compra.uth.gr\/es\/wp-json\/wp\/v2\/pages\/1603","targetHints":{"allow":["GET"]}}],"collection":[{"href":"https:\/\/compra.uth.gr\/es\/wp-json\/wp\/v2\/pages"}],"about":[{"href":"https:\/\/compra.uth.gr\/es\/wp-json\/wp\/v2\/types\/page"}],"author":[{"embeddable":true,"href":"https:\/\/compra.uth.gr\/es\/wp-json\/wp\/v2\/users\/1"}],"replies":[{"embeddable":true,"href":"https:\/\/compra.uth.gr\/es\/wp-json\/wp\/v2\/comments?post=1603"}],"version-history":[{"count":4,"href":"https:\/\/compra.uth.gr\/es\/wp-json\/wp\/v2\/pages\/1603\/revisions"}],"predecessor-version":[{"id":2209,"href":"https:\/\/compra.uth.gr\/es\/wp-json\/wp\/v2\/pages\/1603\/revisions\/2209"}],"wp:attachment":[{"href":"https:\/\/compra.uth.gr\/es\/wp-json\/wp\/v2\/media?parent=1603"}],"curies":[{"name":"wp","href":"https:\/\/api.w.org\/{rel}","templated":true}]}}