{"id":1621,"date":"2023-01-06T17:07:43","date_gmt":"2023-01-06T14:07:43","guid":{"rendered":"https:\/\/compra.uth.gr\/sobre-nosotros\/"},"modified":"2023-09-30T23:10:32","modified_gmt":"2023-09-30T20:10:32","slug":"sobre-nosotros","status":"publish","type":"page","link":"https:\/\/compra.uth.gr\/es\/sobre-nosotros\/","title":{"rendered":"Sobre nosotros"},"content":{"rendered":"\t\t<div data-elementor-type=\"wp-page\" data-elementor-id=\"1621\" class=\"elementor elementor-1621 elementor-86\">\n\t\t\t\t\t\t<section class=\"elementor-section elementor-top-section elementor-element elementor-element-3a2303c1 elementor-section-boxed elementor-section-height-default elementor-section-height-default\" data-id=\"3a2303c1\" data-element_type=\"section\">\r\n\t\t\r\n\t\t\t\t\t\t\t<div class=\"elementor-container elementor-column-gap-default\">\r\n\t\t\t\t\t\t\t\t\t\t\t<div class=\"elementor-column elementor-col-100 elementor-top-column elementor-element elementor-element-5d0387a0\" data-id=\"5d0387a0\" data-element_type=\"column\">\r\n\t\t\t\t\t<div class=\"elementor-widget-wrap elementor-element-populated\">\r\n\t\t\t\t\t\t\t\t<div class=\"elementor-element elementor-element-6056cef elementor-widget elementor-widget-text-editor\" data-id=\"6056cef\" data-element_type=\"widget\" data-widget_type=\"text-editor.default\">\n\t\t\t\t<div class=\"elementor-widget-container\">\n\t\t\t\t\t\t\t\t\t<p>En los \u00faltimos a\u00f1os, en circunstancias de crisis econ\u00f3mica, pol\u00edtica, medioambiental y sanitaria, la gente busca l\u00f3gicas, pr\u00e1cticas y \u00e9ticas alternativas en respuesta a la exclusi\u00f3n social, el desempleo y el subempleo, el desprecio de la democracia y la degradaci\u00f3n medioambiental . Pretenden explorar, construir y defender un modo de vida diferente y colaborativo, que ponga en pr\u00e1ctica los ideales democr\u00e1ticos, el igualitarismo, la creatividad, la comunidad a trav\u00e9s de las diferencias y las relaciones sostenibles entre los seres humanos y la naturaleza. La educaci\u00f3n es de vital importancia en este sentido, ya que puede actuar como palanca para hacer avanzar estos procesos de construcci\u00f3n social alternativa. La incubaci\u00f3n de proyectos educativos experimentales, colaborativos y poco convencionales no es nueva en Europa. Sin embargo, en los \u00faltimos a\u00f1os ha acelerado el ritmo impulsado por la crisis socioecon\u00f3mica, medioambiental y sanitaria general.<\/p>\n\t\t\t\t\t\t\t\t<\/div>\n\t\t\t\t<\/div>\n\t\t\t\t<div class=\"elementor-element elementor-element-eabe001 elementor-widget elementor-widget-text-editor\" data-id=\"eabe001\" data-element_type=\"widget\" data-widget_type=\"text-editor.default\">\n\t\t\t\t<div class=\"elementor-widget-container\">\n\t\t\t\t\t\t\t\t\t<p>El proyecto de cursos combinados de formaci\u00f3n de ciclo corto sobre \u00abPr\u00e1cticas de puesta en com\u00fan\u00bb (en lo sucesivo, ComPra) introduce el paradigma emergente del \u00abprocom\u00fan\u00bb como sistema alternativo de valores y acci\u00f3n en el \u00e1mbito de la educaci\u00f3n, y extrae de forma cr\u00edtica las implicaciones del procom\u00fan para redefinir la educaci\u00f3n y posibilitar la inclusi\u00f3n social activa y la promoci\u00f3n del bienestar para todos. Los bienes comunes son sistemas sociales vivos y din\u00e1micos que se desarrollan en torno a los valores de propiedad colectiva y gesti\u00f3n igualitaria de recursos o bienes establecidos por diferentes comunidades para garantizar la supervivencia y prosperidad de cada uno de sus miembros (Bollier &amp; Helfrich 2012). Las personas que han aceptado la l\u00f3gica de los comunes, es decir, los comuneros, tratan de crear una red social de cooperaci\u00f3n, solidaridad, di\u00e1logo, reparto e interdependencia que conecte a todos los miembros de una comunidad por igual.<\/p>\n\t\t\t\t\t\t\t\t<\/div>\n\t\t\t\t<\/div>\n\t\t\t\t<section class=\"elementor-section elementor-inner-section elementor-element elementor-element-36ab8b1 elementor-section-boxed elementor-section-height-default elementor-section-height-default\" data-id=\"36ab8b1\" data-element_type=\"section\">\r\n\t\t\r\n\t\t\t\t\t\t\t<div class=\"elementor-container elementor-column-gap-default\">\r\n\t\t\t\t\t\t\t\t\t\t\t<div class=\"elementor-column elementor-col-33 elementor-inner-column elementor-element elementor-element-b779ef2 elementor-invisible\" data-id=\"b779ef2\" data-element_type=\"column\" data-settings=\"{&quot;animation&quot;:&quot;fadeInUp&quot;,&quot;animation_delay&quot;:&quot;200&quot;}\">\r\n\t\t\t\t\t<div class=\"elementor-widget-wrap elementor-element-populated\">\r\n\t\t\t\t\t\t\t\t<div class=\"elementor-element elementor-element-4db0f26 elementor-widget elementor-widget-porto_info_box\" data-id=\"4db0f26\" data-element_type=\"widget\" data-widget_type=\"porto_info_box.default\">\n\t\t\t\t<div class=\"elementor-widget-container\">\n\t\t\t\t\t<div class=\"porto-sicon-box style_1 left-icon\"><div class=\"porto-sicon-left\"><div class=\"porto-just-icon-wrapper porto-sicon-img  porto-icon-d751713988987e9331980363e24189ce\" style=\"\"><img decoding=\"async\" class=\"img-icon\" alt=\"icon\" src=\"https:\/\/compra.uth.gr\/wp-content\/uploads\/2018\/05\/icon-1.png\" width=\"96\" height=\"70\" \/><\/div><\/div><div class=\"porto-sicon-body\"><div class=\"porto-sicon-header\"><h3 class=\"porto-sicon-title\" style=\"\">Gu\u00edas para tutores<\/h3><\/div> <!-- header --><div class=\"porto-sicon-description\" style=\"\" ><p>C\u00f3mo implicar de forma eficaz y creativa a los alumnos en el entorno de aprendizaje del curso.<\/p><\/div> <!-- description --><\/div><\/div><!-- porto-sicon-box -->\t\t\t\t<\/div>\n\t\t\t\t<\/div>\n\t\t\t\t\t<\/div>\r\n\t\t\t\t<\/div>\r\n\t\t\t\t<div class=\"elementor-column elementor-col-33 elementor-inner-column elementor-element elementor-element-33e59b8 elementor-invisible\" data-id=\"33e59b8\" data-element_type=\"column\" data-settings=\"{&quot;animation&quot;:&quot;fadeInUp&quot;,&quot;animation_delay&quot;:&quot;400&quot;}\">\r\n\t\t\t\t\t<div class=\"elementor-widget-wrap elementor-element-populated\">\r\n\t\t\t\t\t\t\t\t<div class=\"elementor-element elementor-element-8ff6012 elementor-widget elementor-widget-porto_info_box\" data-id=\"8ff6012\" data-element_type=\"widget\" data-widget_type=\"porto_info_box.default\">\n\t\t\t\t<div class=\"elementor-widget-container\">\n\t\t\t\t\t<div class=\"porto-sicon-box style_1 left-icon\"><div class=\"porto-sicon-left\"><div class=\"porto-just-icon-wrapper porto-sicon-img  porto-icon-d751713988987e9331980363e24189ce\" style=\"\"><img decoding=\"async\" class=\"img-icon\" alt=\"icon\" src=\"https:\/\/compra.uth.gr\/wp-content\/uploads\/2018\/05\/icon-2.png\" width=\"98\" height=\"80\" \/><\/div><\/div><div class=\"porto-sicon-body\"><div class=\"porto-sicon-header\"><h3 class=\"porto-sicon-title\" style=\"\">Contenidos de aprendizaje<\/h3><\/div> <!-- header --><div class=\"porto-sicon-description\" style=\"\" ><p>El marco te\u00f3rico del procom\u00fan, el procom\u00fan educativo, los ni\u00f1os como comuneros, la gobernanza entre iguales, el punto de vista de la investigaci\u00f3n del procom\u00fan cuando estudiamos un entorno educativo.<\/p><\/div> <!-- description --><\/div><\/div><!-- porto-sicon-box -->\t\t\t\t<\/div>\n\t\t\t\t<\/div>\n\t\t\t\t\t<\/div>\r\n\t\t\t\t<\/div>\r\n\t\t\t\t<div class=\"elementor-column elementor-col-33 elementor-inner-column elementor-element elementor-element-3098d3c elementor-invisible\" data-id=\"3098d3c\" data-element_type=\"column\" data-settings=\"{&quot;animation&quot;:&quot;fadeInUp&quot;,&quot;animation_delay&quot;:&quot;600&quot;}\">\r\n\t\t\t\t\t<div class=\"elementor-widget-wrap elementor-element-populated\">\r\n\t\t\t\t\t\t\t\t<div class=\"elementor-element elementor-element-63ffd41 elementor-widget elementor-widget-porto_info_box\" data-id=\"63ffd41\" data-element_type=\"widget\" data-widget_type=\"porto_info_box.default\">\n\t\t\t\t<div class=\"elementor-widget-container\">\n\t\t\t\t\t<div class=\"porto-sicon-box style_1 left-icon\"><div class=\"porto-sicon-left\"><div class=\"porto-just-icon-wrapper porto-sicon-img  porto-icon-d751713988987e9331980363e24189ce\" style=\"\"><img decoding=\"async\" class=\"img-icon\" alt=\"icon\" src=\"https:\/\/compra.uth.gr\/wp-content\/uploads\/2018\/05\/icon-3.png\" width=\"98\" height=\"86\" \/><\/div><\/div><div class=\"porto-sicon-body\"><div class=\"porto-sicon-header\"><h3 class=\"porto-sicon-title\" style=\"\">Estrategias de ense\u00f1anza<\/h3><\/div> <!-- header --><div class=\"porto-sicon-description\" style=\"\" ><p>Programas de ciclo corto y metodolog\u00edas pedag\u00f3gicas e-Learning<\/p><\/div> <!-- description --><\/div><\/div><!-- porto-sicon-box -->\t\t\t\t<\/div>\n\t\t\t\t<\/div>\n\t\t\t\t\t<\/div>\r\n\t\t\t\t<\/div>\r\n\t\t\t\t\t<\/div>\r\n\t\t\t\t<\/section>\r\n\t\t\t\t<div class=\"elementor-element elementor-element-8cafca1 elementor-widget elementor-widget-text-editor\" data-id=\"8cafca1\" data-element_type=\"widget\" data-widget_type=\"text-editor.default\">\n\t\t\t\t<div class=\"elementor-widget-container\">\n\t\t\t\t\t\t\t\t\t<p>El objetivo del proyecto es que los estudiantes de educaci\u00f3n superior de Ciencias de la Educaci\u00f3n, Ciencias Sociales, Trabajo Social y Comunicaci\u00f3n exploren los valores y las pr\u00e1cticas de la pedagog\u00eda del procom\u00fan y se familiaricen con el uso de metodolog\u00edas y herramientas innovadoras. Esto les permitir\u00eda desarrollar un entorno educativo basado en el procom\u00fan que ayude a ni\u00f1os y j\u00f3venes a actuar como \u00abplebeyos\u00bb. Mediante el desarrollo de cursos de formaci\u00f3n de ciclo corto sobre \u00abPr\u00e1cticas del procom\u00fan\u00bb, basados en un esquema de aprendizaje semipresencial, los estudiantes de educaci\u00f3n superior adquirir\u00e1n conocimientos te\u00f3ricos y pr\u00e1cticos en torno al discurso del procom\u00fan (l\u00f3gica del procom\u00fan de compartir y cuidar, relaciones justas y abiertas, coparticipaci\u00f3n en la producci\u00f3n o provisi\u00f3n de conocimiento) y desarrollar\u00e1n habilidades para construir y fortalecer la identidad del procom\u00fan tanto para ellos como para sus futuros estudiantes.<\/p>\n\t\t\t\t\t\t\t\t<\/div>\n\t\t\t\t<\/div>\n\t\t\t\t<section class=\"elementor-section elementor-inner-section elementor-element elementor-element-4dc1965 elementor-section-boxed elementor-section-height-default elementor-section-height-default\" data-id=\"4dc1965\" data-element_type=\"section\">\r\n\t\t\r\n\t\t\t\t\t\t\t<div class=\"elementor-container elementor-column-gap-default\">\r\n\t\t\t\t\t\t\t\t\t\t\t<div class=\"elementor-column elementor-col-25 elementor-inner-column elementor-element elementor-element-101cdfc elementor-invisible\" data-id=\"101cdfc\" data-element_type=\"column\" data-settings=\"{&quot;animation&quot;:&quot;fadeInUp&quot;}\">\r\n\t\t\t\t\t<div class=\"elementor-widget-wrap elementor-element-populated\">\r\n\t\t\t\t\t\t\t\t<div class=\"elementor-element elementor-element-b9786e3 elementor-widget elementor-widget-image\" data-id=\"b9786e3\" data-element_type=\"widget\" data-widget_type=\"image.default\">\n\t\t\t\t<div class=\"elementor-widget-container\">\n\t\t\t\t\t\t\t\t\t\t\t\t\t\t\t<img loading=\"lazy\" decoding=\"async\" width=\"230\" height=\"201\" src=\"https:\/\/compra.uth.gr\/wp-content\/uploads\/2022\/12\/Module17.jpg\" class=\"attachment-large size-large wp-image-1290\" alt=\"\" \/>\t\t\t\t\t\t\t\t\t\t\t\t\t\t\t<\/div>\n\t\t\t\t<\/div>\n\t\t\t\t\t<\/div>\r\n\t\t\t\t<\/div>\r\n\t\t\t\t<div class=\"elementor-column elementor-col-25 elementor-inner-column elementor-element elementor-element-939f4d6 elementor-invisible\" data-id=\"939f4d6\" data-element_type=\"column\" data-settings=\"{&quot;animation&quot;:&quot;fadeInUp&quot;,&quot;animation_delay&quot;:&quot;300&quot;}\">\r\n\t\t\t\t\t<div class=\"elementor-widget-wrap elementor-element-populated\">\r\n\t\t\t\t\t\t\t\t<div class=\"elementor-element elementor-element-e50caa7 elementor-widget elementor-widget-image\" data-id=\"e50caa7\" data-element_type=\"widget\" data-widget_type=\"image.default\">\n\t\t\t\t<div class=\"elementor-widget-container\">\n\t\t\t\t\t\t\t\t\t\t\t\t\t\t\t<img loading=\"lazy\" decoding=\"async\" width=\"230\" height=\"201\" src=\"https:\/\/compra.uth.gr\/wp-content\/uploads\/2022\/12\/Module15.jpg\" class=\"attachment-large size-large wp-image-1286\" alt=\"\" \/>\t\t\t\t\t\t\t\t\t\t\t\t\t\t\t<\/div>\n\t\t\t\t<\/div>\n\t\t\t\t\t<\/div>\r\n\t\t\t\t<\/div>\r\n\t\t\t\t<div class=\"elementor-column elementor-col-25 elementor-inner-column elementor-element elementor-element-b73c157 elementor-invisible\" data-id=\"b73c157\" data-element_type=\"column\" data-settings=\"{&quot;animation&quot;:&quot;fadeInUp&quot;,&quot;animation_delay&quot;:&quot;600&quot;}\">\r\n\t\t\t\t\t<div class=\"elementor-widget-wrap elementor-element-populated\">\r\n\t\t\t\t\t\t\t\t<div class=\"elementor-element elementor-element-6dddca1 elementor-widget elementor-widget-image\" data-id=\"6dddca1\" data-element_type=\"widget\" data-widget_type=\"image.default\">\n\t\t\t\t<div class=\"elementor-widget-container\">\n\t\t\t\t\t\t\t\t\t\t\t\t\t\t\t<img loading=\"lazy\" decoding=\"async\" width=\"230\" height=\"201\" src=\"https:\/\/compra.uth.gr\/wp-content\/uploads\/2022\/12\/Module16.jpg\" class=\"attachment-large size-large wp-image-1288\" alt=\"\" \/>\t\t\t\t\t\t\t\t\t\t\t\t\t\t\t<\/div>\n\t\t\t\t<\/div>\n\t\t\t\t\t<\/div>\r\n\t\t\t\t<\/div>\r\n\t\t\t\t<div class=\"elementor-column elementor-col-25 elementor-inner-column elementor-element elementor-element-2f0e54e elementor-invisible\" data-id=\"2f0e54e\" data-element_type=\"column\" data-settings=\"{&quot;animation&quot;:&quot;fadeInUp&quot;,&quot;animation_delay&quot;:&quot;900&quot;}\">\r\n\t\t\t\t\t<div class=\"elementor-widget-wrap elementor-element-populated\">\r\n\t\t\t\t\t\t\t\t<div class=\"elementor-element elementor-element-b8c2dac elementor-widget elementor-widget-image\" data-id=\"b8c2dac\" data-element_type=\"widget\" data-widget_type=\"image.default\">\n\t\t\t\t<div class=\"elementor-widget-container\">\n\t\t\t\t\t\t\t\t\t\t\t\t\t\t\t<img loading=\"lazy\" decoding=\"async\" width=\"230\" height=\"201\" src=\"https:\/\/compra.uth.gr\/wp-content\/uploads\/2022\/12\/Module14.jpg\" class=\"attachment-large size-large wp-image-1284\" alt=\"\" \/>\t\t\t\t\t\t\t\t\t\t\t\t\t\t\t<\/div>\n\t\t\t\t<\/div>\n\t\t\t\t\t<\/div>\r\n\t\t\t\t<\/div>\r\n\t\t\t\t\t<\/div>\r\n\t\t\t\t<\/section>\r\n\t\t\t\t<div class=\"elementor-element elementor-element-5aac26e elementor-widget elementor-widget-text-editor\" data-id=\"5aac26e\" data-element_type=\"widget\" data-widget_type=\"text-editor.default\">\n\t\t\t\t<div class=\"elementor-widget-container\">\n\t\t\t\t\t\t\t\t\t<p>El proyecto se abre con un resultado intelectual (en adelante IO1) sobre la creaci\u00f3n de una gu\u00eda metodol\u00f3gica para desarrollar un curso de formaci\u00f3n de ciclo corto en el \u00e1mbito de las \u00abPr\u00e1cticas de puesta en com\u00fan\u00bb. Esta salida consta de cuatro cap\u00edtulos<\/span><\/p>\n\t\t\t\t\t\t\t\t<\/div>\n\t\t\t\t<\/div>\n\t\t\t\t<div class=\"elementor-element elementor-element-136349d elementor-widget elementor-widget-porto_button\" data-id=\"136349d\" data-element_type=\"widget\" data-widget_type=\"porto_button.default\">\n\t\t\t\t<div class=\"elementor-widget-container\">\n\t\t\t\t\t<a aria-label=\"button\" class=\"btn btn-xl btn-primary btn-block btn-full-rounded btn-icon\" href=\"https:\/\/compra.uth.gr\/wp-content\/uploads\/2021\/12\/Guidelines-for-COMPRA-Short-Cycle_en.pdf\"><i class=\"fas fa-download\"><\/i><span >Descargue las Directrices ComPra para saber m\u00e1s<\/span><span class=\"dir-arrow hlb\" data-appear-animation-delay=\"800\" data-appear-animation=\"rotateInUpLeft\"><\/span><\/a>\t\t\t\t<\/div>\n\t\t\t\t<\/div>\n\t\t\t\t\t<\/div>\r\n\t\t\t\t<\/div>\r\n\t\t\t\t\t<\/div>\r\n\t\t\t\t<\/section>\r\n\t\t\t\t<\/div>\n\t\t","protected":false},"excerpt":{"rendered":"<p>En los \u00faltimos a\u00f1os, en circunstancias de crisis econ\u00f3mica, pol\u00edtica, medioambiental y sanitaria, la gente busca l\u00f3gicas, pr\u00e1cticas y \u00e9ticas alternativas en respuesta a la exclusi\u00f3n social, el desempleo y el subempleo, el desprecio de la democracia y la degradaci\u00f3n medioambiental . Pretenden explorar, construir y defender un modo de vida diferente y colaborativo, que [&hellip;]<\/p>\n","protected":false},"author":1,"featured_media":0,"parent":0,"menu_order":0,"comment_status":"closed","ping_status":"closed","template":"","meta":{"content-type":"","footnotes":""},"class_list":["post-1621","page","type-page","status-publish","hentry"],"_links":{"self":[{"href":"https:\/\/compra.uth.gr\/es\/wp-json\/wp\/v2\/pages\/1621","targetHints":{"allow":["GET"]}}],"collection":[{"href":"https:\/\/compra.uth.gr\/es\/wp-json\/wp\/v2\/pages"}],"about":[{"href":"https:\/\/compra.uth.gr\/es\/wp-json\/wp\/v2\/types\/page"}],"author":[{"embeddable":true,"href":"https:\/\/compra.uth.gr\/es\/wp-json\/wp\/v2\/users\/1"}],"replies":[{"embeddable":true,"href":"https:\/\/compra.uth.gr\/es\/wp-json\/wp\/v2\/comments?post=1621"}],"version-history":[{"count":4,"href":"https:\/\/compra.uth.gr\/es\/wp-json\/wp\/v2\/pages\/1621\/revisions"}],"predecessor-version":[{"id":1849,"href":"https:\/\/compra.uth.gr\/es\/wp-json\/wp\/v2\/pages\/1621\/revisions\/1849"}],"wp:attachment":[{"href":"https:\/\/compra.uth.gr\/es\/wp-json\/wp\/v2\/media?parent=1621"}],"curies":[{"name":"wp","href":"https:\/\/api.w.org\/{rel}","templated":true}]}}