{"id":1731,"date":"2023-01-31T21:53:57","date_gmt":"2023-01-31T18:53:57","guid":{"rendered":"https:\/\/compra.uth.gr\/primera-conferencia-slyms\/"},"modified":"2023-10-02T21:53:16","modified_gmt":"2023-10-02T18:53:16","slug":"primera-conferencia-slyms","status":"publish","type":"page","link":"https:\/\/compra.uth.gr\/es\/primera-conferencia-slyms\/","title":{"rendered":"Conferencia COMPRA"},"content":{"rendered":"<h4 style=\"text-align: center;\">Pr\u00e1cticas comunes en educaci\u00f3n para la inclusi\u00f3n social<\/h4>\n<h4 style=\"text-align: center;\">Congreso Internacional, COMPRA<\/h4>\n<h4 style=\"text-align: center;\">4<sup>.<\/sup> de febrero de 2023<\/h4>\n<h4 style=\"text-align: center;\">NOESIS, Sal\u00f3nica, Grecia<\/h4>\n<h4 style=\"text-align: center;\">&nbsp;<\/h4>\n<table>\n<tbody>\n<tr>\n<td width=\"180\"><strong>10:00 \u2013 10:30<\/strong><\/td>\n<td width=\"220\"><strong>Bienvenida y registro<\/strong><\/td>\n<td width=\"215\">&nbsp;<\/td>\n<\/tr>\n<tr>\n<td width=\"180\"><strong>1er Curso de formaci\u00f3n semipresencial de ciclo corto sobre \u201cPr\u00e1cticas Comunes (ComPra)\u201d<\/strong><\/td>\n<td width=\"220\">&nbsp;<\/td>\n<td width=\"215\">&nbsp;<\/td>\n<\/tr>\n<tr>\n<td width=\"180\"><strong>Charing Yannis Pechtelidis<\/strong><\/td>\n<td width=\"220\">&nbsp;<\/td>\n<td width=\"215\">&nbsp;<\/td>\n<\/tr>\n<tr>\n<td width=\"180\">&nbsp;<\/td>\n<td width=\"220\">&nbsp;<\/td>\n<td width=\"215\">&nbsp;<\/td>\n<\/tr>\n<tr>\n<td width=\"180\"><strong>10:30 \u2013 10:50<\/strong><\/td>\n<td width=\"220\"><em>Presentaci\u00f3n del proyecto COMPRA <\/em><\/td>\n<td width=\"215\"><strong>Ioannis Kozaris,<\/strong><\/p>\n<p>University of Thessaly<\/td>\n<\/tr>\n<tr>\n<td width=\"180\"><strong>10:50 \u2013 11:10<\/strong><\/td>\n<td width=\"220\"><em>Iniciativas prefigurativas y bienes comunes educativos: lecciones aprendidas <\/em><\/td>\n<td width=\"215\"><strong>Alekos Pantazis,&nbsp;<\/strong><\/p>\n<p>University of Thessaly<\/td>\n<\/tr>\n<tr>\n<td width=\"180\"><strong>11:10 \u2013 11:30<\/strong><\/td>\n<td width=\"220\"><em>Desde la visi\u00f3n de los estudiantes de COMPRA: evaluando un curso semipresencial sobre pr\u00e1cticas de comuni\u00f3n<\/em><\/td>\n<td width=\"215\"><strong>Catarina Tom\u00e1s<\/strong> &amp;<\/p>\n<p><strong>Carolina Gon\u00e7alves<\/strong>,<\/p>\n<p>Instituto Polit\u00e9cnico de Lisboa,<\/p>\n<p><strong>Luc\u00eda del Moral-Esp\u00edn<\/strong>,<\/p>\n<p>Universidad de C\u00e1diz<\/p>\n<p><strong>Mittzy Arciniega C\u00e1ceres<\/strong>, Universitat Pompeu Fabra<\/td>\n<\/tr>\n<tr>\n<td width=\"180\"><strong>11:30 \u2013 11:50<\/strong><\/td>\n<td width=\"220\"><em>Acerc\u00e1ndonos a los pilares de los Comunes. Infraestructuras para la intervenci\u00f3n social basadas en el bien com\u00fan educativo&nbsp;<\/em><\/td>\n<td width=\"215\"><strong>Arciniega, Mittzy<\/strong><\/p>\n<p>Pompeu Fabra University<\/p>\n<p><strong>P\u00e1ez de la Torre Sonia <\/strong><\/p>\n<p>University of Girona<\/p>\n<p><strong>Serv\u00e1n-Melero, Cristina<\/strong> &amp;<\/p>\n<p><strong> del Moral-Esp\u00edn, Luc\u00eda<\/strong><\/p>\n<p>University of C\u00e1diz<\/td>\n<\/tr>\n<tr>\n<td width=\"180\"><strong>11:50 \u2013 12:10<\/strong><\/td>\n<td width=\"220\"><em>Discusi\u00f3n<\/em><\/td>\n<td width=\"215\">&nbsp;<\/td>\n<\/tr>\n<tr>\n<td width=\"180\"><strong>12.10 &#8211; 12.40<\/strong><\/td>\n<td width=\"220\"><strong>Descanso<\/strong><\/td>\n<td width=\"215\"><\/td>\n<\/tr>\n<\/tbody>\n<\/table>\n<p><strong>2do Panel Bienes Comunes Educativos y Democracia<\/strong><\/p>\n<p><strong>Charing Nagia Tselepi<\/strong><\/p>\n<table>\n<tbody>\n<tr>\n<td width=\"180\"><strong>12:40 \u2013 13:00<\/strong><\/td>\n<td width=\"220\"><em>Reestructurar la democracia en la educaci\u00f3n a trav\u00e9s de los bienes comunes <\/em><\/td>\n<td width=\"215\"><strong>Yannis Pechtelidis<\/strong> University of Thessaly<\/td>\n<\/tr>\n<tr>\n<td width=\"180\"><strong>13:00 \u2013 13:20<\/strong><\/td>\n<td width=\"220\"><em>Bienes comunes educativos y ciudadan\u00eda democr\u00e1tica: el potencial de los bienes comunes digitales <\/em><\/td>\n<td width=\"215\"><strong>Sonia P\u00e1ez de Torre<\/strong><\/p>\n<p>Universidad de Girona<\/p>\n<p><strong> Mar\u00eda Jos\u00e9 Palacios<\/strong><\/p>\n<p><strong> Mittzy Arciniega &amp; <\/strong><\/p>\n<p><strong>M\u00f2nica Figueras<\/strong><\/p>\n<p>Universidad pompeu Fabra<\/td>\n<\/tr>\n<tr>\n<td width=\"180\"><strong>13:20 \u2013 13:40<\/strong><\/td>\n<td width=\"220\"><em>\u00abEscapar de los caminos trillados en la ense\u00f1anza, el aprendizaje y la gesti\u00f3n del aula: pr\u00e1cticas pedag\u00f3gicas de los comunes\u00bb <\/em><\/td>\n<td width=\"215\"><strong>Stelios Pantazidis<\/strong><\/p>\n<p>University of Thessaly<\/td>\n<\/tr>\n<tr>\n<td width=\"180\"><strong>13.40-14.00<\/strong><\/td>\n<td width=\"220\">Discusi\u00f3n<\/td>\n<td width=\"215\">&nbsp;<\/td>\n<\/tr>\n<tr>\n<td width=\"180\"><strong>14:00- 15:30<\/strong><\/td>\n<td width=\"220\"><strong>Almuerzo ligero\/Networking<\/strong><\/td>\n<td width=\"215\"><strong>&nbsp;<\/strong><\/td>\n<\/tr>\n<tr>\n<td width=\"180\"><strong>3er Panel Revertir las Desigualdades y la Inclusi\u00f3n Social<\/strong><\/p>\n<p><strong>Charing Stelios Pantazidis<\/strong><\/td>\n<td width=\"220\">&nbsp;<\/td>\n<td width=\"215\">&nbsp;<\/td>\n<\/tr>\n<tr>\n<td width=\"180\"><strong>15:30 \u2013 15:50<\/strong><\/td>\n<td width=\"220\"><em>Pr\u00e1cticas educativas para la inclusi\u00f3n de ni\u00f1os refugiados y migrantes<\/em><\/td>\n<td width=\"215\"><strong>Elena Aslanidou<\/strong><\/p>\n<p>Asociaci\u00f3n de Apoyo Social a la Juventud (ARSIS)<\/td>\n<\/tr>\n<tr>\n<td width=\"180\"><strong>15:50 \u2013 16:10 <\/strong><\/td>\n<td width=\"220\"><em>Una escuela de los comunes: Pedagog\u00edas arquitect\u00f3nicas alternativas que comparten experiencias con comunidades rurales y colectivos de arquitectura de toda Europa, ERASMUS + KA2<\/em><\/td>\n<td width=\"215\"><strong>Natasa Lekkou<\/strong><\/p>\n<p>Zuloark<\/td>\n<\/tr>\n<tr>\n<td width=\"180\"><strong>16:10 \u2013 17:10<\/strong><\/td>\n<td width=\"220\"><em>La metodolog\u00eda de la Sociocracia como herramienta para la igualdad y la inclusi\u00f3n. Taller <\/em><\/td>\n<td width=\"215\"><strong>Naya Tselepi<\/strong><\/p>\n<p>Aristotle University of Thessaloniki<\/td>\n<\/tr>\n<tr>\n<td width=\"180\"><strong>17:10 \u2013 17:30<\/strong><\/td>\n<td width=\"220\"><em>Asociaci\u00f3n escuela-comunidad para revertir la desigualdad y la exclusi\u00f3n. El proyecto de la UE Inclusion4Schools<\/em><\/td>\n<td width=\"215\"><strong>B\u00e9la Kardon<\/strong><\/p>\n<p>Centro Regional de Informaci\u00f3n y Desarrollo Cient\u00edfico<\/td>\n<\/tr>\n<tr>\n<td width=\"180\"><strong>17:30- 18:10<\/strong><\/td>\n<td width=\"220\">Construcci\u00f3n de conocimiento y documentaci\u00f3n pedag\u00f3gica en una escuela libertaria basada en los comunes.<\/td>\n<td width=\"215\"><strong>&nbsp;Silia Raditsa <\/strong><\/p>\n<p>University of Thessaly<\/p>\n<p><strong>Sasa Dimitriadou<\/strong> &amp;<\/p>\n<p><strong> Sofia Sarakenidou<\/strong><\/p>\n<p>Instituto de Teor\u00eda y Pr\u00e1ctica de la Educaci\u00f3n Libertaria \u201cEl Arbolito\u201d<\/td>\n<\/tr>\n<tr>\n<td width=\"180\"><strong>18:10 &#8211; 18.30<\/strong><\/td>\n<td width=\"220\"><em>Escritura creativa una forma alternativa de interactuar con ni\u00f1os con Dificultades de Aprendizaje<\/em><\/td>\n<td width=\"215\"><strong>Elpida Papadaniil<\/strong><\/p>\n<p>IEK DELTA 360<\/td>\n<\/tr>\n<tr>\n<td width=\"180\"><strong>18:30 &#8211; 19.00<\/strong><\/td>\n<td width=\"220\"><em>Discusi\u00f3n &#8211; Comentarios finales<\/em><\/td>\n<td width=\"215\">&nbsp;<\/td>\n<\/tr>\n<tr>\n<td width=\"180\">20:30<\/td>\n<td width=\"220\"><strong>Cena en el centro todos juntos<\/strong><\/td>\n<td width=\"215\">&nbsp;<\/td>\n<\/tr>\n<\/tbody>\n<\/table>\n","protected":false},"excerpt":{"rendered":"<p>Pr\u00e1cticas comunes en educaci\u00f3n para la inclusi\u00f3n social Congreso Internacional, COMPRA 4. de febrero de 2023 NOESIS, Sal\u00f3nica, Grecia &nbsp; 10:00 \u2013 10:30 Bienvenida y registro &nbsp; 1er Curso de formaci\u00f3n semipresencial de ciclo corto sobre \u201cPr\u00e1cticas Comunes (ComPra)\u201d &nbsp; &nbsp; Charing Yannis Pechtelidis &nbsp; &nbsp; &nbsp; &nbsp; &nbsp; 10:30 \u2013 10:50 Presentaci\u00f3n del proyecto [&hellip;]<\/p>\n","protected":false},"author":2,"featured_media":0,"parent":0,"menu_order":0,"comment_status":"closed","ping_status":"closed","template":"","meta":{"content-type":"","footnotes":""},"class_list":["post-1731","page","type-page","status-publish","hentry"],"_links":{"self":[{"href":"https:\/\/compra.uth.gr\/es\/wp-json\/wp\/v2\/pages\/1731","targetHints":{"allow":["GET"]}}],"collection":[{"href":"https:\/\/compra.uth.gr\/es\/wp-json\/wp\/v2\/pages"}],"about":[{"href":"https:\/\/compra.uth.gr\/es\/wp-json\/wp\/v2\/types\/page"}],"author":[{"embeddable":true,"href":"https:\/\/compra.uth.gr\/es\/wp-json\/wp\/v2\/users\/2"}],"replies":[{"embeddable":true,"href":"https:\/\/compra.uth.gr\/es\/wp-json\/wp\/v2\/comments?post=1731"}],"version-history":[{"count":5,"href":"https:\/\/compra.uth.gr\/es\/wp-json\/wp\/v2\/pages\/1731\/revisions"}],"predecessor-version":[{"id":1937,"href":"https:\/\/compra.uth.gr\/es\/wp-json\/wp\/v2\/pages\/1731\/revisions\/1937"}],"wp:attachment":[{"href":"https:\/\/compra.uth.gr\/es\/wp-json\/wp\/v2\/media?parent=1731"}],"curies":[{"name":"wp","href":"https:\/\/api.w.org\/{rel}","templated":true}]}}