{"id":2211,"date":"2023-10-13T21:35:39","date_gmt":"2023-10-13T18:35:39","guid":{"rendered":"https:\/\/compra.uth.gr\/inicio-2\/"},"modified":"2023-10-13T22:17:38","modified_gmt":"2023-10-13T19:17:38","slug":"inicio-2","status":"publish","type":"page","link":"https:\/\/compra.uth.gr\/es\/","title":{"rendered":"Inicio"},"content":{"rendered":"\t\t<div data-elementor-type=\"wp-page\" data-elementor-id=\"2211\" class=\"elementor elementor-2211 elementor-5\">\n\t\t\t\t\t\t<section class=\"elementor-section elementor-top-section elementor-element elementor-element-3d9762bb elementor-section-boxed elementor-section-height-default elementor-section-height-default\" data-id=\"3d9762bb\" data-element_type=\"section\" data-settings=\"{&quot;background_background&quot;:&quot;classic&quot;}\">\r\n\t\t\r\n\t\t\t\t\t\t\t<div class=\"elementor-container elementor-column-gap-default\">\r\n\t\t\t\t\t\t\t\t\t\t\t<div class=\"elementor-column elementor-col-100 elementor-top-column elementor-element elementor-element-200f2106 elementor-invisible\" data-id=\"200f2106\" data-element_type=\"column\" data-settings=\"{&quot;animation&quot;:&quot;fadeInUp&quot;,&quot;animation_delay&quot;:&quot;1000&quot;}\">\r\n\t\t\t\t\t<div class=\"elementor-widget-wrap elementor-element-populated\">\r\n\t\t\t\t\t\t\t\t<div class=\"elementor-element elementor-element-73903e2 col-md-10  elementor-widget elementor-widget-porto_ultimate_heading\" data-id=\"73903e2\" data-element_type=\"widget\" data-widget_type=\"porto_ultimate_heading.default\">\n\t\t\t\t<div class=\"elementor-widget-container\">\n\t\t\t\t\t<div class=\"porto-u-heading  porto-u-55ca8359258f9a412be7e73af65d2aac\"><div class=\"porto-u-main-heading\"><h2    style=\"margin-bottom: 20px;\">Acerca de ComPra<\/h2><\/div><div class=\"porto-u-sub-heading\" style=\"margin-bottom:20px;\"><p>El proyecto de cursos combinados de formaci\u00f3n de ciclo corto sobre \"Pr\u00e1cticas de puesta en com\u00fan\" (en lo sucesivo, ComPra) introduce el paradigma emergente del \"procom\u00fan\" como sistema alternativo de valores y acci\u00f3n en el \u00e1mbito de la educaci\u00f3n, y extrae de forma cr\u00edtica las implicaciones del procom\u00fan para redefinir la educaci\u00f3n y posibilitar la inclusi\u00f3n social activa y la promoci\u00f3n del bienestar para todos. Los bienes comunes son sistemas sociales vivos y din\u00e1micos que se desarrollan en torno a los valores de propiedad colectiva y gesti\u00f3n igualitaria de recursos o bienes establecidos por diferentes comunidades para garantizar la supervivencia y prosperidad de cada uno de sus miembros (Bollier &amp; Helfrich 2012). Las personas que han aceptado la l\u00f3gica de los comunes, es decir, los comuneros, tratan de crear una red social de cooperaci\u00f3n, solidaridad, di\u00e1logo, reparto e interdependencia que conecte a todos los miembros de una comunidad por igual.<\/p><\/div><style>.porto-u-55ca8359258f9a412be7e73af65d2aac.porto-u-heading{text-align:center}<\/style><\/div>\t\t\t\t<\/div>\n\t\t\t\t<\/div>\n\t\t\t\t\t<\/div>\r\n\t\t\t\t<\/div>\r\n\t\t\t\t\t<\/div>\r\n\t\t\t\t<\/section>\r\n\t\t\t\t<section data-plugin-parallax=\"\" data-plugin-options=\"{&quot;speed&quot;: 1.5}\" class=\"elementor-section elementor-top-section elementor-element elementor-element-a1df600 elementor-section-boxed elementor-section-height-default elementor-section-height-default\" data-id=\"a1df600\" data-element_type=\"section\" data-settings=\"{&quot;background_background&quot;:&quot;classic&quot;}\">\r\n\t\t\r\n\t\t\t\t\t\t\t<div class=\"elementor-container elementor-column-gap-default\">\r\n\t\t\t\t\t\t\t\t\t\t\t<div class=\"elementor-column elementor-col-100 elementor-top-column elementor-element elementor-element-509bc4f col-md-9 col-xl-6 col-lg-7 elementor-invisible\" data-id=\"509bc4f\" data-element_type=\"column\" data-settings=\"{&quot;background_background&quot;:&quot;classic&quot;,&quot;animation&quot;:&quot;fadeInRight&quot;,&quot;animation_delay&quot;:&quot;100&quot;}\">\r\n\t\t\t\t\t<div class=\"elementor-widget-wrap elementor-element-populated\">\r\n\t\t\t\t\t\t\t\t<div class=\"elementor-element elementor-element-90d2c2d elementor-widget elementor-widget-porto_countdown\" data-id=\"90d2c2d\" data-element_type=\"widget\" data-widget_type=\"porto_countdown.default\">\n\t\t\t\t<div class=\"elementor-widget-container\">\n\t\t\t\t\t<div class=\"porto_countdown   porto-cd-s1\"><div class=\"porto_countdown-div porto_countdown-dateAndTime porto-usrtz count-down-wrap-d751713988987e9331980363e24189ce\" data-labels=\",,,D\u00edas,Horas,Minutos,Segundos\" data-labels2=\",,,Day,Hour,Min,Sec\"  data-terminal-date=\"2023\/02\/02 13:00:00\" data-countformat=\"DHMS\" data-time-zone=\"3\" data-time-now=\"2026\/05\/02 06:32:49\"  data-tick-col=\"\" data-tick-p-col=\"\"  data-tick-style=\"\"  data-tick-p-style=\"\" ><span class=\"porto_countdown-row porto_countdown-show4\"><span class=\"porto_countdown-section\"><span class=\"porto_time-mid\"><span class=\"porto_countdown-amount\">00<\/span><span class=\"porto_countdown-period\">D\u00edas<\/span><\/span><\/span><span class=\"porto_countdown-section\"><span class=\"porto_time-mid\"><span class=\"porto_countdown-amount\">00<\/span><span class=\"porto_countdown-period\">Horas<\/span><\/span><\/span><span class=\"porto_countdown-section\"><span class=\"porto_time-mid\"><span class=\"porto_countdown-amount\">00<\/span><span class=\"porto_countdown-period\">Minutos<\/span><\/span><\/span><span class=\"porto_countdown-section\"><span class=\"porto_time-mid\"><span class=\"porto_countdown-amount\">00<\/span><span class=\"porto_countdown-period\">Segundos<\/span><\/span><\/span><\/span><\/div><\/div>\t\t\t\t<\/div>\n\t\t\t\t<\/div>\n\t\t\t\t<div class=\"elementor-element elementor-element-b9020ca elementor-widget elementor-widget-porto_ultimate_heading\" data-id=\"b9020ca\" data-element_type=\"widget\" data-widget_type=\"porto_ultimate_heading.default\">\n\t\t\t\t<div class=\"elementor-widget-container\">\n\t\t\t\t\t<div class=\"porto-u-heading  porto-u-55ca8359258f9a412be7e73af65d2aac\"><div class=\"porto-u-main-heading\"><h2    style=\"margin-bottom: 5px;\">Conferencia Internacional ComPra<br>4 de febrero de 2023<br>NOESIS - Centro de la Ciencia y Museo de la Tecnolog\u00eda, Tesal\u00f3nica, Grecia<\/h2><\/div><div class=\"porto-u-sub-heading\" style=\"\"><p>Sin gastos de inscripci\u00f3n<\/p><p> <\/p><\/div><style>.porto-u-55ca8359258f9a412be7e73af65d2aac.porto-u-heading{text-align:center}<\/style><\/div>\t\t\t\t<\/div>\n\t\t\t\t<\/div>\n\t\t\t\t<div class=\"elementor-element elementor-element-90b2dec elementor-widget elementor-widget-shortcode\" data-id=\"90b2dec\" data-element_type=\"widget\" data-widget_type=\"shortcode.default\">\n\t\t\t\t<div class=\"elementor-widget-container\">\n\t\t\t\t\t\t\t<div class=\"elementor-shortcode\">\n<div class=\"wpcf7 no-js\" id=\"wpcf7-f203-o1\" lang=\"en-US\" dir=\"ltr\" data-wpcf7-id=\"203\">\n<div class=\"screen-reader-response\"><p role=\"status\" aria-live=\"polite\" aria-atomic=\"true\"><\/p> <ul><\/ul><\/div>\n<form action=\"\/es\/wp-json\/wp\/v2\/pages\/2211#wpcf7-f203-o1\" method=\"post\" class=\"wpcf7-form init\" aria-label=\"Contact form\" novalidate=\"novalidate\" data-status=\"init\">\n<div style=\"display: none;\">\n<input type=\"hidden\" name=\"_wpcf7\" value=\"203\" \/>\n<input type=\"hidden\" name=\"_wpcf7_version\" value=\"6.0.5\" \/>\n<input type=\"hidden\" name=\"_wpcf7_locale\" value=\"en_US\" \/>\n<input type=\"hidden\" name=\"_wpcf7_unit_tag\" value=\"wpcf7-f203-o1\" \/>\n<input type=\"hidden\" name=\"_wpcf7_container_post\" value=\"0\" \/>\n<input type=\"hidden\" name=\"_wpcf7_posted_data_hash\" value=\"\" \/>\n<\/div>\n<div class=\"row custom-form-style-1\">\n\t<div class=\"form-group col-md-6 pr-md-0\">\n\t\t<p><span class=\"wpcf7-form-control-wrap\" data-name=\"your-first-name\"><input size=\"40\" maxlength=\"400\" class=\"wpcf7-form-control wpcf7-text wpcf7-validates-as-required form-control background-color-tertiary\" aria-required=\"true\" aria-invalid=\"false\" placeholder=\"FIRST NAME*\" value=\"\" type=\"text\" name=\"your-first-name\" \/><\/span>\n\t\t<\/p>\n\t<\/div>\n\t<div class=\"form-group col-md-6 pl-md-0\">\n\t\t<p><span class=\"wpcf7-form-control-wrap\" data-name=\"your-last-name\"><input size=\"40\" maxlength=\"400\" class=\"wpcf7-form-control wpcf7-text wpcf7-validates-as-required form-control background-color-tertiary\" aria-required=\"true\" aria-invalid=\"false\" placeholder=\"LAST NAME*\" value=\"\" type=\"text\" name=\"your-last-name\" \/><\/span>\n\t\t<\/p>\n\t<\/div>\n<\/div>\n<div class=\"row custom-form-style-1\">\n\t<div class=\"form-group col-md-6 pr-md-0\">\n\t\t<p><span class=\"wpcf7-form-control-wrap\" data-name=\"your-organisation\"><input size=\"40\" maxlength=\"400\" class=\"wpcf7-form-control wpcf7-text wpcf7-validates-as-required form-control background-color-tertiary\" aria-required=\"true\" aria-invalid=\"false\" placeholder=\"ORGANISATION*\" value=\"\" type=\"text\" name=\"your-organisation\" \/><\/span>\n\t\t<\/p>\n\t<\/div>\n\t<div class=\"form-group col-md-6 pl-md-0\">\n\t\t<p><span class=\"wpcf7-form-control-wrap\" data-name=\"your-email\"><input size=\"40\" maxlength=\"400\" class=\"wpcf7-form-control wpcf7-email wpcf7-validates-as-required wpcf7-text wpcf7-validates-as-email form-control background-color-tertiary\" aria-required=\"true\" aria-invalid=\"false\" placeholder=\"EMAIL*\" value=\"\" type=\"email\" name=\"your-email\" \/><\/span>\n\t\t<\/p>\n\t<\/div>\n<\/div>\n<div class=\"row\">\n\t<div class=\"form-group col-12\">\n\t\t<p><input class=\"wpcf7-form-control wpcf7-submit has-spinner btn btn-primary w-100 font-weight-semibold d-block\" type=\"submit\" value=\"REGISTER NOW\" \/>\n\t\t<\/p>\n\t<\/div>\n<\/div><div class=\"wpcf7-response-output\" aria-hidden=\"true\"><\/div>\n<\/form>\n<\/div>\n<\/div>\n\t\t\t\t\t\t<\/div>\n\t\t\t\t<\/div>\n\t\t\t\t\t<\/div>\r\n\t\t\t\t<\/div>\r\n\t\t\t\t\t<\/div>\r\n\t\t\t\t<\/section>\r\n\t\t\t\t<section class=\"elementor-section elementor-top-section elementor-element elementor-element-e560a65 elementor-section-boxed elementor-section-height-default elementor-section-height-default\" data-id=\"e560a65\" data-element_type=\"section\">\r\n\t\t\r\n\t\t\t\t\t\t\t<div class=\"elementor-container elementor-column-gap-default\">\r\n\t\t\t\t\t\t\t\t\t\t\t<div class=\"elementor-column elementor-col-100 elementor-top-column elementor-element elementor-element-78211a7\" data-id=\"78211a7\" data-element_type=\"column\">\r\n\t\t\t\t\t<div class=\"elementor-widget-wrap elementor-element-populated\">\r\n\t\t\t\t\t\t\t\t<div class=\"elementor-element elementor-element-91951f0 elementor-widget elementor-widget-heading\" data-id=\"91951f0\" data-element_type=\"widget\" data-widget_type=\"heading.default\">\n\t\t\t\t<div class=\"elementor-widget-container\">\n\t\t\t\t\t<h2 class=\"elementor-heading-title elementor-size-default\">\u00daltimas noticias<\/h2>\t\t\t\t<\/div>\n\t\t\t\t<\/div>\n\t\t\t\t<div class=\"elementor-element elementor-element-d871127 elementor-widget elementor-widget-porto_blog\" data-id=\"d871127\" data-element_type=\"widget\" data-widget_type=\"porto_blog.default\">\n\t\t\t\t<div class=\"elementor-widget-container\">\n\t\t\t\t\t<div class=\"porto-blog wpb_content_element  porto-blog-d751713988987e9331980363e24189ce\">\t\t<div class=\"blog-posts posts-grid\">\r\n\t\t\t<div class=\"posts-container row\">\r\n\t\t\n<article class=\"post post-grid col-md-6 col-lg-4 post-1912 post type-post status-publish format-standard hentry category-sin-categorizar\">\n\t<div class=\"grid-box\">\n\t\t\n\t\t<!-- Post meta before content -->\n\t\t<div class=\"post-meta\"><span class=\"meta-date\"><i class=\"far fa-calendar-alt\"><\/i>octubre 1, 2023<\/span><\/div><div class=\"post-meta\"><\/div>\t\t<div class=\"post-content\">\n\n\t\t\t<h4 class=\"entry-title\"><a href=\"https:\/\/compra.uth.gr\/es\/practicas-comunes-en-educacion-para-la-inclusion-social-conferencia-el-4-de-febrero-de-2023\/\">Pr\u00e1cticas comunes en educaci\u00f3n para la inclusi\u00f3n social &#8211; Conferencia el 4 de febrero de 2023<\/a><\/h4>\n\t\t\t<span class=\"vcard\" style=\"display: none;\"><span class=\"fn\"><a href=\"https:\/\/compra.uth.gr\/es\/author\/itprojadmin\/\" title=\"Entradas de IT Administrator\" rel=\"author\">IT Administrator<\/a><\/span><\/span><span class=\"updated\" style=\"display:none\">2023-10-01T22:51:47+03:00<\/span><p class=\"post-excerpt\">&nbsp;&nbsp;&nbsp;&nbsp;&nbsp;&nbsp;&nbsp;&nbsp;&nbsp;&nbsp;&nbsp;&nbsp;&nbsp;&nbsp;&nbsp;&nbsp;&nbsp;&nbsp;&nbsp;&nbsp;&nbsp;&nbsp;&nbsp;&nbsp;&nbsp;&nbsp;&nbsp;&nbsp;&nbsp;&nbsp;&nbsp;&nbsp;&nbsp;&nbsp;&nbsp;&nbsp;&nbsp;&nbsp;&nbsp;&nbsp;&nbsp;&nbsp;&nbsp;&nbsp;&nbsp;&nbsp;&nbsp;&nbsp;&nbsp;&nbsp;&nbsp;&nbsp;&nbsp;&nbsp;  &nbsp; &nbsp; &nbsp;&nbsp;  &nbsp; &nbsp; &nbsp; &nbsp; &nbsp; &nbsp; &nbsp; &nbsp; &nbsp; &nbsp; &nbsp; &nbsp; &nbsp; &nbsp; &nbsp; &nbsp; &nbsp; &nbsp; &nbsp; &nbsp; &nbsp; &nbsp; &nbsp; &nbsp;...<\/p>\t\t\t\t\t<\/div>\n\t\t<!-- Post meta after content -->\n\t\t\t\t<div class=\"clearfix\">\n\t\t\t<a class=\"btn btn-xs btn-default text-xs text-uppercase btn-readmore\" href=\"https:\/\/compra.uth.gr\/es\/practicas-comunes-en-educacion-para-la-inclusion-social-conferencia-el-4-de-febrero-de-2023\/\">Read more...<\/a>\n\t\t<\/div>\n\t<\/div>\n<\/article>\n\r\n\t\r\n\t\t\t<\/div>\r\n\t\t<\/div>\r\n\r\n\t\r\n\t\t\t<div class=\"push-top m-b-xxl text-center\">\r\n\t\t\t<a class=\"btn btn-primary\" href=\"https:\/\/compra.uth.gr\/es\/blog\/\">View More<\/a>\r\n\t\t<\/div>\r\n\t\r\n\t<\/div>\t\t\t\t<\/div>\n\t\t\t\t<\/div>\n\t\t\t\t\t<\/div>\r\n\t\t\t\t<\/div>\r\n\t\t\t\t\t<\/div>\r\n\t\t\t\t<\/section>\r\n\t\t\t\t<section data-plugin-parallax=\"\" data-plugin-options=\"{&quot;speed&quot;: 1.1}\" class=\"elementor-section elementor-top-section elementor-element elementor-element-a512432 elementor-section-boxed elementor-section-height-default elementor-section-height-default\" data-id=\"a512432\" data-element_type=\"section\" data-settings=\"{&quot;background_background&quot;:&quot;classic&quot;}\">\r\n\t\t\r\n\t\t\t\t\t\t\t<div class=\"elementor-container elementor-column-gap-default\">\r\n\t\t\t\t\t\t\t\t\t\t\t<div class=\"elementor-column elementor-col-100 elementor-top-column elementor-element elementor-element-b6b76e1 col-md-10 offset-lg-5 col-lg-7 offset-md-2 px-0\" data-id=\"b6b76e1\" data-element_type=\"column\">\r\n\t\t\t\t\t<div class=\"elementor-widget-wrap elementor-element-populated\">\r\n\t\t\t\t\t\t\t\t<div class=\"elementor-element elementor-element-8ea393e elementor-invisible elementor-widget elementor-widget-porto_info_box\" data-id=\"8ea393e\" data-element_type=\"widget\" data-settings=\"{&quot;_animation&quot;:&quot;fadeInUp&quot;}\" data-widget_type=\"porto_info_box.default\">\n\t\t\t\t<div class=\"elementor-widget-container\">\n\t\t\t\t\t<div class=\"porto-sicon-box style_1 left-icon\"><div class=\"porto-sicon-left\"><div class=\"porto-just-icon-wrapper porto-sicon-img  porto-icon-d751713988987e9331980363e24189ce\" style=\"\"><img decoding=\"async\" class=\"img-icon\" alt=\"icon\" src=\"https:\/\/compra.uth.gr\/wp-content\/uploads\/2018\/05\/icon-1.png\" width=\"96\" height=\"70\" \/><\/div><\/div><div class=\"porto-sicon-body\"><div class=\"porto-sicon-header\"><h3 class=\"porto-sicon-title\" style=\"\">Objetivos<\/h3><\/div> <!-- header --><div class=\"porto-sicon-description\" style=\"\" ><p>1. Desarrollar un modelo educativo nuevo, innovador, \u00e9tico y aplicado a trav\u00e9s de la lente del procom\u00fan:<br>2. Incluir el debate te\u00f3rico y metodol\u00f3gico sobre los bienes comunes y las pr\u00e1cticas de puesta en com\u00fan en los planes de estudio de las IES.<br>3. Fomentar la cultura democr\u00e1tica participativa de la comunidad de Educaci\u00f3n Superior.<br>4. Difundir la l\u00f3gica de los bienes comunes para potenciar la participaci\u00f3n de los individuos en la vida p\u00fablica, el compromiso social y c\u00edvico y la agencia.<br>5. Proporcionar un plan estrat\u00e9gico de desarrollo profesional para el personal acad\u00e9mico en consonancia con las necesidades y objetivos individuales y sociales (enfoque diferenciado en pedagog\u00eda).<br>6. Garantizar un entorno din\u00e1mico y profesional a las IES, preparado para insertar las buenas pr\u00e1cticas y los nuevos conceptos y pr\u00e1cticas pedag\u00f3gicos en las actividades cotidianas.<\/p><\/div> <!-- description --><\/div><\/div><!-- porto-sicon-box -->\t\t\t\t<\/div>\n\t\t\t\t<\/div>\n\t\t\t\t<div class=\"elementor-element elementor-element-97112ed elementor-invisible elementor-widget elementor-widget-porto_info_box\" data-id=\"97112ed\" data-element_type=\"widget\" data-settings=\"{&quot;_animation&quot;:&quot;fadeInUp&quot;,&quot;_animation_delay&quot;:&quot;200&quot;}\" data-widget_type=\"porto_info_box.default\">\n\t\t\t\t<div class=\"elementor-widget-container\">\n\t\t\t\t\t<div class=\"porto-sicon-box style_1 left-icon\"><div class=\"porto-sicon-left\"><div class=\"porto-just-icon-wrapper porto-sicon-img  porto-icon-d751713988987e9331980363e24189ce\" style=\"\"><img decoding=\"async\" class=\"img-icon\" alt=\"icon\" src=\"https:\/\/compra.uth.gr\/wp-content\/uploads\/2018\/05\/icon-2.png\" width=\"98\" height=\"80\" \/><\/div><\/div><div class=\"porto-sicon-body\"><div class=\"porto-sicon-header\"><h3 class=\"porto-sicon-title\" style=\"\">Los resultados del aprendizaje<\/h3><\/div> <!-- header --><div class=\"porto-sicon-description\" style=\"\" ><p>En el curso, el alumno aprender\u00e1 a<br>- Cooperar en un entorno de equipo hacia un objetivo com\u00fan<br>- Pensar cr\u00edticamente a trav\u00e9s de un planteamiento abierto basado en problemas<br>- Aplicar la l\u00f3gica del procom\u00fan<br>- Potenciar valores como la multiculturalidad, la perspectiva de g\u00e9nero, la tolerancia, etc. a trav\u00e9s de los bienes comunes educativos.<br>- Ser conscientes de las desigualdades y abordarlas de forma constructiva<br>- Reflexionar sobre el papel del discurso de los medios de comunicaci\u00f3n de masas en la construcci\u00f3n de imaginarios.<br>- Utilizar las caracter\u00edsticas \"peer to peer\" basadas en el procom\u00fan para potenciar la colaboraci\u00f3n y la creaci\u00f3n de contenidos.<br>- Mejorar sus competencias investigadoras, digitales, comunicativas y sociales<\/p><\/div> <!-- description --><\/div><\/div><!-- porto-sicon-box -->\t\t\t\t<\/div>\n\t\t\t\t<\/div>\n\t\t\t\t<div class=\"elementor-element elementor-element-381dd8d elementor-invisible elementor-widget elementor-widget-porto_info_box\" data-id=\"381dd8d\" data-element_type=\"widget\" data-settings=\"{&quot;_animation&quot;:&quot;fadeInUp&quot;,&quot;_animation_delay&quot;:&quot;400&quot;}\" data-widget_type=\"porto_info_box.default\">\n\t\t\t\t<div class=\"elementor-widget-container\">\n\t\t\t\t\t<div class=\"porto-sicon-box style_1 left-icon\"><div class=\"porto-sicon-left\"><div class=\"porto-just-icon-wrapper porto-sicon-img  porto-icon-d751713988987e9331980363e24189ce\" style=\"\"><img decoding=\"async\" class=\"img-icon\" alt=\"icon\" src=\"https:\/\/compra.uth.gr\/wp-content\/uploads\/2018\/05\/icon-3.png\" width=\"98\" height=\"86\" \/><\/div><\/div><div class=\"porto-sicon-body\"><div class=\"porto-sicon-header\"><h3 class=\"porto-sicon-title\" style=\"\">\u00bfQu\u00e9 ganar\u00e1n los estudiantes?<\/h3><\/div> <!-- header --><div class=\"porto-sicon-description\" style=\"\" ><p>1. Ser pioneros en las pr\u00e1cticas emergentes del procom\u00fan en Educaci\u00f3n.<br>2. Adquirir experiencia en el pensamiento creativo para el reparto de activos, la producci\u00f3n de recursos mutuos, la autogesti\u00f3n y los modelos entre iguales.<br>3. Adquirir conocimientos te\u00f3ricos y pr\u00e1cticos s\u00f3lidos en torno al discurso y las pr\u00e1cticas del procom\u00fan para desarrollar una comprensi\u00f3n integrada y cr\u00edticamente consciente del procom\u00fan y promover un enfoque cr\u00edtico y anal\u00edtico de los retos contempor\u00e1neos en Educaci\u00f3n.<br>4. Desarrollar habilidades para construir\/fortalecer la identidad de los plebeyos.<br>5. Aumentar la competencia en lenguas extranjeras y mejorar sus herramientas de comunicaci\u00f3n<br>6. Mejorar su perfil profesional y aumentar las oportunidades de desarrollo profesional.<\/p><\/div> <!-- description --><\/div><\/div><!-- porto-sicon-box -->\t\t\t\t<\/div>\n\t\t\t\t<\/div>\n\t\t\t\t\t<\/div>\r\n\t\t\t\t<\/div>\r\n\t\t\t\t\t<\/div>\r\n\t\t\t\t<\/section>\r\n\t\t\t\t<\/div>\n\t\t","protected":false},"excerpt":{"rendered":"<p>Acerca de ComPra El proyecto de cursos combinados de formaci\u00f3n de ciclo corto sobre \u00abPr\u00e1cticas de puesta en com\u00fan\u00bb (en lo sucesivo, ComPra) introduce el paradigma emergente del \u00abprocom\u00fan\u00bb como sistema alternativo de valores y acci\u00f3n en el \u00e1mbito de la educaci\u00f3n, y extrae de forma cr\u00edtica las implicaciones del procom\u00fan para redefinir la educaci\u00f3n [&hellip;]<\/p>\n","protected":false},"author":1,"featured_media":0,"parent":0,"menu_order":0,"comment_status":"closed","ping_status":"closed","template":"","meta":{"content-type":"","footnotes":""},"class_list":["post-2211","page","type-page","status-publish","hentry"],"_links":{"self":[{"href":"https:\/\/compra.uth.gr\/es\/wp-json\/wp\/v2\/pages\/2211","targetHints":{"allow":["GET"]}}],"collection":[{"href":"https:\/\/compra.uth.gr\/es\/wp-json\/wp\/v2\/pages"}],"about":[{"href":"https:\/\/compra.uth.gr\/es\/wp-json\/wp\/v2\/types\/page"}],"author":[{"embeddable":true,"href":"https:\/\/compra.uth.gr\/es\/wp-json\/wp\/v2\/users\/1"}],"replies":[{"embeddable":true,"href":"https:\/\/compra.uth.gr\/es\/wp-json\/wp\/v2\/comments?post=2211"}],"version-history":[{"count":7,"href":"https:\/\/compra.uth.gr\/es\/wp-json\/wp\/v2\/pages\/2211\/revisions"}],"predecessor-version":[{"id":2220,"href":"https:\/\/compra.uth.gr\/es\/wp-json\/wp\/v2\/pages\/2211\/revisions\/2220"}],"wp:attachment":[{"href":"https:\/\/compra.uth.gr\/es\/wp-json\/wp\/v2\/media?parent=2211"}],"curies":[{"name":"wp","href":"https:\/\/api.w.org\/{rel}","templated":true}]}}