{"id":1724,"date":"2023-01-31T21:53:56","date_gmt":"2023-01-31T18:53:56","guid":{"rendered":"https:\/\/compra.uth.gr\/esimene-slymsi-konverents\/"},"modified":"2023-10-02T21:52:20","modified_gmt":"2023-10-02T18:52:20","slug":"esimene-slymsi-konverents","status":"publish","type":"page","link":"https:\/\/compra.uth.gr\/et\/esimene-slymsi-konverents\/","title":{"rendered":"COMPRA konverents"},"content":{"rendered":"<h4 style=\"text-align: center;\">\u00dchiskondliku kaasamise hariduse levinumad tavad<\/h4>\n<h4 style=\"text-align: center;\">Rahvusvaheline konverents, COMPRA<\/h4>\n<h4 style=\"text-align: center;\">4<sup>.<\/sup> veebruar 2023<\/h4>\n<h4 style=\"text-align: center;\">NOESIS, Thessaloniki, Kreeka<\/h4>\n<h4 style=\"text-align: center;\">&nbsp;<\/h4>\n<table>\n<tbody>\n<tr>\n<td width=\"180\"><strong>10:00 \u2013 10:30<\/strong><\/td>\n<td width=\"220\"><strong>Tere tulemast ja registreerimine<\/strong><\/td>\n<td width=\"215\">&nbsp;<\/td>\n<\/tr>\n<tr>\n<td width=\"180\"><strong>1. paneelkombineeritud l\u00fchits\u00fckliline koolituskursus &#8220;\u00dcldine praktika (ComPra)&#8221;<\/strong><\/td>\n<td width=\"220\">&nbsp;<\/td>\n<td width=\"215\">&nbsp;<\/td>\n<\/tr>\n<tr>\n<td width=\"180\"><strong>Charing Yannis Pechtelidis<\/strong><\/td>\n<td width=\"220\">&nbsp;<\/td>\n<td width=\"215\">&nbsp;<\/td>\n<\/tr>\n<tr>\n<td width=\"180\">&nbsp;<\/td>\n<td width=\"220\">&nbsp;<\/td>\n<td width=\"215\">&nbsp;<\/td>\n<\/tr>\n<tr>\n<td width=\"180\"><strong>10:30 \u2013 10:50<\/strong><\/td>\n<td width=\"220\"><em>COMPRA projekti esitlus <\/em><\/td>\n<td width=\"215\"><strong>Ioannis Kozaris,<\/strong><\/p>\n<p>University of Thessaly<\/td>\n<\/tr>\n<tr>\n<td width=\"180\"><strong>10:50 \u2013 11:10<\/strong><\/td>\n<td width=\"220\"><em>Kujutavad algatused ja harivad \u00fchised vahendid: saadud \u00f5ppetunnid <\/em><\/td>\n<td width=\"215\"><strong>Alekos Pantazis,&nbsp;<\/strong><\/p>\n<p>University of Thessaly<\/td>\n<\/tr>\n<tr>\n<td width=\"180\"><strong>11:10 \u2013 11:30<\/strong><\/td>\n<td width=\"220\"><em>COMPRA \u00f5pilaste vaadetest: suhtlemispraktikate kombineeritud kursuse hindamine<\/em><\/td>\n<td width=\"215\"><strong>Catarina Tom\u00e1s<\/strong> &amp;<\/p>\n<p><strong>Carolina Gon\u00e7alves<\/strong>,<\/p>\n<p>Instituto Polit\u00e9cnico de Lisboa,<\/p>\n<p><strong>Luc\u00eda del Moral-Esp\u00edn<\/strong>,<\/p>\n<p>Universidad de C\u00e1diz<\/p>\n<p><strong>Mittzy Arciniega C\u00e1ceres<\/strong>, Universitat Pompeu Fabra<\/td>\n<\/tr>\n<tr>\n<td width=\"180\"><strong>11:30 \u2013 11:50<\/strong><\/td>\n<td width=\"220\"><em>L\u00e4henemine Commonsi sammastele. Hariduslikel \u00fchistel p\u00f5hinevad sotsiaalse sekkumise infrastruktuurid&nbsp;<\/em><\/td>\n<td width=\"215\"><strong>Arciniega, Mittzy<\/strong><\/p>\n<p>Pompeu Fabra University<\/p>\n<p><strong>P\u00e1ez de la Torre Sonia <\/strong><\/p>\n<p>University of Girona<\/p>\n<p><strong>Serv\u00e1n-Melero, Cristina<\/strong> &amp;<\/p>\n<p><strong> del Moral-Esp\u00edn, Luc\u00eda<\/strong><\/p>\n<p>University of C\u00e1diz<\/td>\n<\/tr>\n<tr>\n<td width=\"180\"><strong>11:50 \u2013 12:10<\/strong><\/td>\n<td width=\"220\"><em>Arutelu<\/em><\/td>\n<td width=\"215\">&nbsp;<\/td>\n<\/tr>\n<tr>\n<td width=\"180\"><strong>12.10 &#8211; 12.40<\/strong><\/td>\n<td width=\"220\"><strong>Kohvipaus<\/strong><\/td>\n<td width=\"215\"><\/td>\n<\/tr>\n<\/tbody>\n<\/table>\n<p><strong>2. paneel Educational Commons and Democracy<\/strong><\/p>\n<p><strong>Charing Nagia Tselepi<\/strong><\/p>\n<table>\n<tbody>\n<tr>\n<td width=\"180\"><strong>12:40 \u2013 13:00<\/strong><\/td>\n<td width=\"220\"><em>Demokraatia uuesti s\u00f5nastamine hariduses Commonsi kaudu <\/em><\/td>\n<td width=\"215\"><strong>Yannis Pechtelidis<\/strong> University of Thessaly<\/td>\n<\/tr>\n<tr>\n<td width=\"180\"><strong>13:00 \u2013 13:20<\/strong><\/td>\n<td width=\"220\"><em>Educational Commons ja Demokraatlik kodakondsus: Digitaal\u00fchiskonna potentsiaal <\/em><\/td>\n<td width=\"215\"><strong>Sonia P\u00e1ez de Torre<\/strong><\/p>\n<p>Universidad de Girona<\/p>\n<p><strong> Mar\u00eda Jos\u00e9 Palacios<\/strong><\/p>\n<p><strong> Mittzy Arciniega &amp; <\/strong><\/p>\n<p><strong>M\u00f2nica Figueras<\/strong><\/p>\n<p>Universidad pompeu Fabra<\/td>\n<\/tr>\n<tr>\n<td width=\"180\"><strong>13:20 \u2013 13:40<\/strong><\/td>\n<td width=\"220\"><em>&#8220;P\u00f5genemine sissetallatud radadelt \u00f5petamisel, \u00f5ppimisel ja klassiruumi juhtimisel: tavade pedagoogilised tavad&#8221; <\/em><\/td>\n<td width=\"215\"><strong>Stelios Pantazidis<\/strong><\/p>\n<p>University of Thessaly<\/td>\n<\/tr>\n<tr>\n<td width=\"180\"><strong>13.40-14.00<\/strong><\/td>\n<td width=\"220\">Arutelu<\/td>\n<td width=\"215\">&nbsp;<\/td>\n<\/tr>\n<tr>\n<td width=\"180\"><strong>14:00- 15:30<\/strong><\/td>\n<td width=\"220\"><strong>Kerge l\u00f5unas\u00f6\u00f6k \/ V\u00f5rgustiku loomine<\/strong><\/td>\n<td width=\"215\"><strong>&nbsp;<\/strong><\/td>\n<\/tr>\n<tr>\n<td width=\"180\"><strong>3. paneel ebav\u00f5rdsuse ja sotsiaalse kaasatuse \u00fcmberp\u00f6\u00f6ramine<\/strong><\/p>\n<p><strong>Charing Stelios Pantazidis<\/strong><\/td>\n<td width=\"220\">&nbsp;<\/td>\n<td width=\"215\">&nbsp;<\/td>\n<\/tr>\n<tr>\n<td width=\"180\"><strong>15:30 \u2013 15:50<\/strong><\/td>\n<td width=\"220\"><em>Haridustavad pagulaste ja migrantide laste kaasamiseks<\/em><\/td>\n<td width=\"215\"><strong>Elena Aslanidou<\/strong><\/p>\n<p>Noorte Sotsiaalse Toetuse \u00dching (ARSIS)<\/td>\n<\/tr>\n<tr>\n<td width=\"180\"><strong>15:50 \u2013 16:10 <\/strong><\/td>\n<td width=\"220\"><em>\u00dchisvara kool: alternatiivsed arhitektuuripedagoogid, mis jagavad kogemusi maakogukondade ja arhitektuurikollektiividega \u00fcle Euroopa, ERASMUS + KA2<\/em><\/td>\n<td width=\"215\"><strong>Natasa Lekkou<\/strong><\/p>\n<p>Zuloark<\/td>\n<\/tr>\n<tr>\n<td width=\"180\"><strong>16:10 \u2013 17:10<\/strong><\/td>\n<td width=\"220\"><em>Sotsiokraatia kui v\u00f5rd\u00f5iguslikkuse ja kaasamise vahendi metoodika. T\u00f6\u00f6tuba <\/em><\/td>\n<td width=\"215\"><strong>Naya Tselepi<\/strong><\/p>\n<p>Aristotle University of Thessaloniki<\/td>\n<\/tr>\n<tr>\n<td width=\"180\"><strong>17:10 \u2013 17:30<\/strong><\/td>\n<td width=\"220\"><em>Kooli ja kogukonna partnerlus ebav\u00f5rdsuse ja t\u00f5rjutuse \u00fcmberp\u00f6\u00f6ramiseks. ELi projekt Inclusion4Schools<\/em><\/td>\n<td width=\"215\"><strong>B\u00e9la Kardon<\/strong><\/p>\n<p>Teabe ja teadusarenduse piirkondlik keskus<\/td>\n<\/tr>\n<tr>\n<td width=\"180\"><strong>17:30- 18:10<\/strong><\/td>\n<td width=\"220\">Teadmiste ja pedagoogilise dokumentatsiooni konstrueerimine libertaarses \u00fchistusp\u00f5hises koolis<\/td>\n<td width=\"215\"><strong>&nbsp;Silia Raditsa <\/strong><\/p>\n<p>University of Thessaly<\/p>\n<p><strong>Sasa Dimitriadou<\/strong> &amp;<\/p>\n<p><strong> Sofia Sarakenidou<\/strong><\/p>\n<p>Libertaarse hariduse teooria ja praktika instituut &#8220;The Little Tree&#8221;<\/td>\n<\/tr>\n<tr>\n<td width=\"180\"><strong>18:10 &#8211; 18.30<\/strong><\/td>\n<td width=\"220\"><em>Loovkirjutamine on alternatiivne viis \u00f5ppimisraskustega lastega suhtlemiseks<\/em><\/td>\n<td width=\"215\"><strong>Elpida Papadaniil<\/strong><\/p>\n<p>IEK DELTA 360<\/td>\n<\/tr>\n<tr>\n<td width=\"180\"><strong>18:30 &#8211; 19.00<\/strong><\/td>\n<td width=\"220\"><em>Arutelu \u2013 l\u00f5pps\u00f5na<\/em><\/td>\n<td width=\"215\">&nbsp;<\/td>\n<\/tr>\n<tr>\n<td width=\"180\">20:30<\/td>\n<td width=\"220\"><strong>\u00d5htus\u00f6\u00f6k kesklinnas k\u00f5ik koos<\/strong><\/td>\n<td width=\"215\">&nbsp;<\/td>\n<\/tr>\n<\/tbody>\n<\/table>\n","protected":false},"excerpt":{"rendered":"<p>\u00dchiskondliku kaasamise hariduse levinumad tavad Rahvusvaheline konverents, COMPRA 4. veebruar 2023 NOESIS, Thessaloniki, Kreeka &nbsp; 10:00 \u2013 10:30 Tere tulemast ja registreerimine &nbsp; 1. paneelkombineeritud l\u00fchits\u00fckliline koolituskursus &#8220;\u00dcldine praktika (ComPra)&#8221; &nbsp; &nbsp; Charing Yannis Pechtelidis &nbsp; &nbsp; &nbsp; &nbsp; &nbsp; 10:30 \u2013 10:50 COMPRA projekti esitlus Ioannis Kozaris, University of Thessaly 10:50 \u2013 11:10 Kujutavad [&hellip;]<\/p>\n","protected":false},"author":2,"featured_media":0,"parent":0,"menu_order":0,"comment_status":"closed","ping_status":"closed","template":"","meta":{"content-type":"","footnotes":""},"class_list":["post-1724","page","type-page","status-publish","hentry"],"_links":{"self":[{"href":"https:\/\/compra.uth.gr\/et\/wp-json\/wp\/v2\/pages\/1724","targetHints":{"allow":["GET"]}}],"collection":[{"href":"https:\/\/compra.uth.gr\/et\/wp-json\/wp\/v2\/pages"}],"about":[{"href":"https:\/\/compra.uth.gr\/et\/wp-json\/wp\/v2\/types\/page"}],"author":[{"embeddable":true,"href":"https:\/\/compra.uth.gr\/et\/wp-json\/wp\/v2\/users\/2"}],"replies":[{"embeddable":true,"href":"https:\/\/compra.uth.gr\/et\/wp-json\/wp\/v2\/comments?post=1724"}],"version-history":[{"count":5,"href":"https:\/\/compra.uth.gr\/et\/wp-json\/wp\/v2\/pages\/1724\/revisions"}],"predecessor-version":[{"id":1935,"href":"https:\/\/compra.uth.gr\/et\/wp-json\/wp\/v2\/pages\/1724\/revisions\/1935"}],"wp:attachment":[{"href":"https:\/\/compra.uth.gr\/et\/wp-json\/wp\/v2\/media?parent=1724"}],"curies":[{"name":"wp","href":"https:\/\/api.w.org\/{rel}","templated":true}]}}