{"id":1609,"date":"2023-01-06T17:07:38","date_gmt":"2023-01-06T14:07:38","guid":{"rendered":"https:\/\/compra.uth.gr\/cursos\/"},"modified":"2023-10-11T22:54:54","modified_gmt":"2023-10-11T19:54:54","slug":"cursos","status":"publish","type":"page","link":"https:\/\/compra.uth.gr\/pt-pt\/cursos\/","title":{"rendered":"Cursos"},"content":{"rendered":"\t\t<div data-elementor-type=\"wp-page\" data-elementor-id=\"1609\" class=\"elementor elementor-1609 elementor-14\">\n\t\t\t\t\t\t<section class=\"elementor-section elementor-top-section elementor-element elementor-element-5e2cafd elementor-section-boxed elementor-section-height-default elementor-section-height-default\" data-id=\"5e2cafd\" data-element_type=\"section\">\r\n\t\t\r\n\t\t\t\t\t\t\t<div class=\"elementor-container elementor-column-gap-default\">\r\n\t\t\t\t\t\t\t\t\t\t\t<div class=\"elementor-column elementor-col-100 elementor-top-column elementor-element elementor-element-9610ff2\" data-id=\"9610ff2\" data-element_type=\"column\">\r\n\t\t\t\t\t<div class=\"elementor-widget-wrap elementor-element-populated\">\r\n\t\t\t\t\t\t\t\t<div class=\"elementor-element elementor-element-37c22c9 elementor-widget elementor-widget-porto_portfolios\" data-id=\"37c22c9\" data-element_type=\"widget\" data-widget_type=\"porto_portfolios.default\">\n\t\t\t\t<div class=\"elementor-widget-container\">\n\t\t\t\t\t<div class=\"porto-portfolios porto-portfoliosa2dn wpb_content_element  porto-portfolio-d751713988987e9331980363e24189ce\">\r\n\t<div class=\"page-portfolios clearfix portfolios-grid\" id=\"porto_portfolios_7qz9\">\r\n\r\n\t\r\n\t\t\t<ul class=\"portfolio-filter nav sort-source nav-pills\">\r\n\t\t\t<li class=\"active\" data-filter=\"*\"><a href=\"#\">Show All<\/a><\/li>\r\n\t\t\t\t\t\t\t<li data-filter=\"tecnologia\"><a href=\"#\">Tecnologia<\/a><\/li>\r\n\t\t\t\t\t\t\t<li data-filter=\"comunicacao\"><a href=\"#\">Comunica\u00e7\u00e3o<\/a><\/li>\r\n\t\t\t\t\t\t\t<li data-filter=\"sociologia-da-educacao-juventude-e-infancia\"><a href=\"#\">Sociologia da Educa\u00e7\u00e3o, Juventude e Inf\u00e2ncia<\/a><\/li>\r\n\t\t\t\t\t\t\t<li data-filter=\"introducao\"><a href=\"#\">Introdu\u00e7\u00e3o<\/a><\/li>\r\n\t\t\t\t\t<\/ul>\r\n\t\t\t\t\t<hr>\r\n\t\t\t\r\n\t\t\t<div class=\"portfolios-container portfolio-row portfolio-row-3 classic\">\r\n\r\n\t\r\n\t\t<article class=\"portfolio portfolio-grid portfolio-col-3 introducao post-2158 type-portfolio status-publish has-post-thumbnail hentry portfolio_cat-introducao\">\n\t\t<h3 class=\"entry-title\" style=\"display: none;\">M\u00f3dulo Introdut\u00f3rio: Os bens comuns na educa\u00e7\u00e3o<\/h3><span class=\"vcard\" style=\"display: none;\"><span class=\"fn\"><a href=\"https:\/\/compra.uth.gr\/pt-pt\/author\/itprojadmin\/\" title=\"Artigos de IT Administrator\" rel=\"author\">IT Administrator<\/a><\/span><\/span><span class=\"updated\" style=\"display:none\">2023-10-11T22:53:25+03:00<\/span>\t\t<div class=\"portfolio-item default\">\n\t\t\t\n\t\t\t<a class=\"text-decoration-none portfolio-link\" href=\"https:\/\/compra.uth.gr\/pt-pt\/course\/modulo-introdutorio-os-bens-comuns-na-educacao\/\">\n\t\t\t\t<span class=\"thumb-info thumb-info-lighten\">\n\t\t\t\t\t<span class=\"thumb-info-wrapper\">\n\t\t\t\t\t\t\t\t\t\t\t\t\t\t\t<img fetchpriority=\"high\" decoding=\"async\" class=\"img-responsive\" src=\"https:\/\/compra.uth.gr\/wp-content\/uploads\/2022\/12\/Module10.jpg\" alt=\"\" width=\"263\" height=\"201\" \/>\n\t\t\t\t\t\t\t\t\t\n\t\t\t\t\t\t\n\t\t\t\t\t\t\n\t\t\t\t\t\t\t\t\t\t\t\t\t\t\t\t<span class=\"thumb-info-title\">\n\n\t\t\t\t\t\t\t\t\t\t<span class=\"thumb-info-inner\">M\u00f3dulo Introdut\u00f3rio: Os bens comuns na educa\u00e7\u00e3o<\/span>\n\n\t\t\t\t\t\t\t\t\t\t\t\t\t\t\t\t\t\t\t\t\t<span class=\"thumb-info-type\">Introdu\u00e7\u00e3o<\/span>\n\t\t\t\t\t\t\t\t\t\t\n\t\t\t\t\t\t\t\t\t<\/span>\n\t\t\t\t\t\t\t\t\t\t\t\t\t\t\t\t\t\t\t\t\t\t\t\t\t\t\t<span class=\"thumb-info-action\">\n\t\t\t\t\t\t\t\t\t\t\t\t\t\t\t\t\t<span class=\"thumb-info-action-icon thumb-info-action-icon-dark opacity-8\"><i class=\"fa fa-link\"><\/i><\/span>\n\t\t\t\t\t\t\t\t\t\t\t\t\t\t\t\t\t\t\t\t\t\t\t<\/span>\n\t\t\t\t\t\t\t\t\t\t\t\t\t\t\t\t\t<\/span>\n\t\t\t\t<\/span>\n\t\t\t<\/a>\n\t\t\t\t\t\t\t\t<\/div>\n\t<\/article>\n\t\t<article class=\"portfolio portfolio-grid portfolio-col-3 sociologia-da-educacao-juventude-e-infancia post-2156 type-portfolio status-publish has-post-thumbnail hentry portfolio_cat-sociologia-da-educacao-juventude-e-infancia\">\n\t\t<h3 class=\"entry-title\" style=\"display: none;\">M\u00f3dulo 1. Experimentalismo, democracia e bens comuns educacionais<\/h3><span class=\"vcard\" style=\"display: none;\"><span class=\"fn\"><a href=\"https:\/\/compra.uth.gr\/pt-pt\/author\/itprojadmin\/\" title=\"Artigos de IT Administrator\" rel=\"author\">IT Administrator<\/a><\/span><\/span><span class=\"updated\" style=\"display:none\">2023-10-11T22:52:28+03:00<\/span>\t\t<div class=\"portfolio-item default\">\n\t\t\t\n\t\t\t<a class=\"text-decoration-none portfolio-link\" href=\"https:\/\/compra.uth.gr\/pt-pt\/course\/modulo-1-experimentalismo-democracia-e-bens-comuns-educacionais\/\">\n\t\t\t\t<span class=\"thumb-info thumb-info-lighten\">\n\t\t\t\t\t<span class=\"thumb-info-wrapper\">\n\t\t\t\t\t\t\t\t\t\t\t\t\t\t\t<img decoding=\"async\" class=\"img-responsive\" src=\"https:\/\/compra.uth.gr\/wp-content\/uploads\/2022\/12\/Module13.jpg\" alt=\"\" width=\"263\" height=\"201\" \/>\n\t\t\t\t\t\t\t\t\t\n\t\t\t\t\t\t\n\t\t\t\t\t\t\n\t\t\t\t\t\t\t\t\t\t\t\t\t\t\t\t<span class=\"thumb-info-title\">\n\n\t\t\t\t\t\t\t\t\t\t<span class=\"thumb-info-inner\">M\u00f3dulo 1. Experimentalismo, democracia e bens comuns educacionais<\/span>\n\n\t\t\t\t\t\t\t\t\t\t\t\t\t\t\t\t\t\t\t\t\t<span class=\"thumb-info-type\">Sociologia da Educa\u00e7\u00e3o, Juventude e Inf\u00e2ncia<\/span>\n\t\t\t\t\t\t\t\t\t\t\n\t\t\t\t\t\t\t\t\t<\/span>\n\t\t\t\t\t\t\t\t\t\t\t\t\t\t\t\t\t\t\t\t\t\t\t\t\t\t\t<span class=\"thumb-info-action\">\n\t\t\t\t\t\t\t\t\t\t\t\t\t\t\t\t\t<span class=\"thumb-info-action-icon thumb-info-action-icon-dark opacity-8\"><i class=\"fa fa-link\"><\/i><\/span>\n\t\t\t\t\t\t\t\t\t\t\t\t\t\t\t\t\t\t\t\t\t\t\t<\/span>\n\t\t\t\t\t\t\t\t\t\t\t\t\t\t\t\t\t<\/span>\n\t\t\t\t<\/span>\n\t\t\t<\/a>\n\t\t\t\t\t\t\t\t<\/div>\n\t<\/article>\n\t\t<article class=\"portfolio portfolio-grid portfolio-col-3 sociologia-da-educacao-juventude-e-infancia post-2154 type-portfolio status-publish has-post-thumbnail hentry portfolio_cat-sociologia-da-educacao-juventude-e-infancia\">\n\t\t<h3 class=\"entry-title\" style=\"display: none;\">M\u00f3dulo 2. Cuidado, risco, comunidade e bens comuns educacionais<\/h3><span class=\"vcard\" style=\"display: none;\"><span class=\"fn\"><a href=\"https:\/\/compra.uth.gr\/pt-pt\/author\/itprojadmin\/\" title=\"Artigos de IT Administrator\" rel=\"author\">IT Administrator<\/a><\/span><\/span><span class=\"updated\" style=\"display:none\">2023-10-11T22:46:46+03:00<\/span>\t\t<div class=\"portfolio-item default\">\n\t\t\t\n\t\t\t<a class=\"text-decoration-none portfolio-link\" href=\"https:\/\/compra.uth.gr\/pt-pt\/course\/modulo-2-cuidado-risco-comunidade-e-bens-comuns-educacionais\/\">\n\t\t\t\t<span class=\"thumb-info thumb-info-lighten\">\n\t\t\t\t\t<span class=\"thumb-info-wrapper\">\n\t\t\t\t\t\t\t\t\t\t\t\t\t\t\t<img decoding=\"async\" class=\"img-responsive\" src=\"https:\/\/compra.uth.gr\/wp-content\/uploads\/2022\/12\/Module9.jpg\" alt=\"\" width=\"263\" height=\"201\" \/>\n\t\t\t\t\t\t\t\t\t\n\t\t\t\t\t\t\n\t\t\t\t\t\t\n\t\t\t\t\t\t\t\t\t\t\t\t\t\t\t\t<span class=\"thumb-info-title\">\n\n\t\t\t\t\t\t\t\t\t\t<span class=\"thumb-info-inner\">M\u00f3dulo 2. Cuidado, risco, comunidade e bens comuns educacionais<\/span>\n\n\t\t\t\t\t\t\t\t\t\t\t\t\t\t\t\t\t\t\t\t\t<span class=\"thumb-info-type\">Sociologia da Educa\u00e7\u00e3o, Juventude e Inf\u00e2ncia<\/span>\n\t\t\t\t\t\t\t\t\t\t\n\t\t\t\t\t\t\t\t\t<\/span>\n\t\t\t\t\t\t\t\t\t\t\t\t\t\t\t\t\t\t\t\t\t\t\t\t\t\t\t<span class=\"thumb-info-action\">\n\t\t\t\t\t\t\t\t\t\t\t\t\t\t\t\t\t<span class=\"thumb-info-action-icon thumb-info-action-icon-dark opacity-8\"><i class=\"fa fa-link\"><\/i><\/span>\n\t\t\t\t\t\t\t\t\t\t\t\t\t\t\t\t\t\t\t\t\t\t\t<\/span>\n\t\t\t\t\t\t\t\t\t\t\t\t\t\t\t\t\t<\/span>\n\t\t\t\t<\/span>\n\t\t\t<\/a>\n\t\t\t\t\t\t\t\t<\/div>\n\t<\/article>\n\t\t<article class=\"portfolio portfolio-grid portfolio-col-3 sociologia-da-educacao-juventude-e-infancia post-2152 type-portfolio status-publish has-post-thumbnail hentry portfolio_cat-sociologia-da-educacao-juventude-e-infancia\">\n\t\t<h3 class=\"entry-title\" style=\"display: none;\">M\u00f3dulo 3. Mudando os contextos da inf\u00e2ncia e da juventude num mundo globalizado<\/h3><span class=\"vcard\" style=\"display: none;\"><span class=\"fn\"><a href=\"https:\/\/compra.uth.gr\/pt-pt\/author\/itprojadmin\/\" title=\"Artigos de IT Administrator\" rel=\"author\">IT Administrator<\/a><\/span><\/span><span class=\"updated\" style=\"display:none\">2023-10-11T22:46:20+03:00<\/span>\t\t<div class=\"portfolio-item default\">\n\t\t\t\n\t\t\t<a class=\"text-decoration-none portfolio-link\" href=\"https:\/\/compra.uth.gr\/pt-pt\/course\/modulo-3-mudando-os-contextos-da-infancia-e-da-juventude-num-mundo-globalizado\/\">\n\t\t\t\t<span class=\"thumb-info thumb-info-lighten\">\n\t\t\t\t\t<span class=\"thumb-info-wrapper\">\n\t\t\t\t\t\t\t\t\t\t\t\t\t\t\t<img loading=\"lazy\" decoding=\"async\" class=\"img-responsive\" src=\"https:\/\/compra.uth.gr\/wp-content\/uploads\/2022\/12\/Module4.jpg\" alt=\"\" width=\"263\" height=\"201\" \/>\n\t\t\t\t\t\t\t\t\t\n\t\t\t\t\t\t\n\t\t\t\t\t\t\n\t\t\t\t\t\t\t\t\t\t\t\t\t\t\t\t<span class=\"thumb-info-title\">\n\n\t\t\t\t\t\t\t\t\t\t<span class=\"thumb-info-inner\">M\u00f3dulo 3. Mudando os contextos da inf\u00e2ncia e da juventude num mundo globalizado<\/span>\n\n\t\t\t\t\t\t\t\t\t\t\t\t\t\t\t\t\t\t\t\t\t<span class=\"thumb-info-type\">Sociologia da Educa\u00e7\u00e3o, Juventude e Inf\u00e2ncia<\/span>\n\t\t\t\t\t\t\t\t\t\t\n\t\t\t\t\t\t\t\t\t<\/span>\n\t\t\t\t\t\t\t\t\t\t\t\t\t\t\t\t\t\t\t\t\t\t\t\t\t\t\t<span class=\"thumb-info-action\">\n\t\t\t\t\t\t\t\t\t\t\t\t\t\t\t\t\t<span class=\"thumb-info-action-icon thumb-info-action-icon-dark opacity-8\"><i class=\"fa fa-link\"><\/i><\/span>\n\t\t\t\t\t\t\t\t\t\t\t\t\t\t\t\t\t\t\t\t\t\t\t<\/span>\n\t\t\t\t\t\t\t\t\t\t\t\t\t\t\t\t\t<\/span>\n\t\t\t\t<\/span>\n\t\t\t<\/a>\n\t\t\t\t\t\t\t\t<\/div>\n\t<\/article>\n\t\t<article class=\"portfolio portfolio-grid portfolio-col-3 comunicacao post-2150 type-portfolio status-publish has-post-thumbnail hentry portfolio_cat-comunicacao\">\n\t\t<h3 class=\"entry-title\" style=\"display: none;\">M\u00f3dulo 4. Resolu\u00e7\u00e3o de conflitos, processos de tomada de decis\u00e3o e habilidades de comunica\u00e7\u00e3o<\/h3><span class=\"vcard\" style=\"display: none;\"><span class=\"fn\"><a href=\"https:\/\/compra.uth.gr\/pt-pt\/author\/itprojadmin\/\" title=\"Artigos de IT Administrator\" rel=\"author\">IT Administrator<\/a><\/span><\/span><span class=\"updated\" style=\"display:none\">2023-10-11T22:45:13+03:00<\/span>\t\t<div class=\"portfolio-item default\">\n\t\t\t\n\t\t\t<a class=\"text-decoration-none portfolio-link\" href=\"https:\/\/compra.uth.gr\/pt-pt\/course\/modulo-4-resolucao-de-conflitos-processos-de-tomada-de-decisao-e-habilidades-de-comunicacao\/\">\n\t\t\t\t<span class=\"thumb-info thumb-info-lighten\">\n\t\t\t\t\t<span class=\"thumb-info-wrapper\">\n\t\t\t\t\t\t\t\t\t\t\t\t\t\t\t<img loading=\"lazy\" decoding=\"async\" class=\"img-responsive\" src=\"https:\/\/compra.uth.gr\/wp-content\/uploads\/2022\/12\/Module2.jpg\" alt=\"\" width=\"263\" height=\"201\" \/>\n\t\t\t\t\t\t\t\t\t\n\t\t\t\t\t\t\n\t\t\t\t\t\t\n\t\t\t\t\t\t\t\t\t\t\t\t\t\t\t\t<span class=\"thumb-info-title\">\n\n\t\t\t\t\t\t\t\t\t\t<span class=\"thumb-info-inner\">M\u00f3dulo 4. Resolu\u00e7\u00e3o de conflitos, processos de tomada de decis\u00e3o e habilidades de comunica\u00e7\u00e3o<\/span>\n\n\t\t\t\t\t\t\t\t\t\t\t\t\t\t\t\t\t\t\t\t\t<span class=\"thumb-info-type\">Comunica\u00e7\u00e3o<\/span>\n\t\t\t\t\t\t\t\t\t\t\n\t\t\t\t\t\t\t\t\t<\/span>\n\t\t\t\t\t\t\t\t\t\t\t\t\t\t\t\t\t\t\t\t\t\t\t\t\t\t\t<span class=\"thumb-info-action\">\n\t\t\t\t\t\t\t\t\t\t\t\t\t\t\t\t\t<span class=\"thumb-info-action-icon thumb-info-action-icon-dark opacity-8\"><i class=\"fa fa-link\"><\/i><\/span>\n\t\t\t\t\t\t\t\t\t\t\t\t\t\t\t\t\t\t\t\t\t\t\t<\/span>\n\t\t\t\t\t\t\t\t\t\t\t\t\t\t\t\t\t<\/span>\n\t\t\t\t<\/span>\n\t\t\t<\/a>\n\t\t\t\t\t\t\t\t<\/div>\n\t<\/article>\n\t\t<article class=\"portfolio portfolio-grid portfolio-col-3 comunicacao post-2148 type-portfolio status-publish has-post-thumbnail hentry portfolio_cat-comunicacao\">\n\t\t<h3 class=\"entry-title\" style=\"display: none;\">M\u00f3dulo 5. Comunica\u00e7\u00e3o e Comunidade Intercultural e Intergeracional<\/h3><span class=\"vcard\" style=\"display: none;\"><span class=\"fn\"><a href=\"https:\/\/compra.uth.gr\/pt-pt\/author\/itprojadmin\/\" title=\"Artigos de IT Administrator\" rel=\"author\">IT Administrator<\/a><\/span><\/span><span class=\"updated\" style=\"display:none\">2023-10-11T22:44:43+03:00<\/span>\t\t<div class=\"portfolio-item default\">\n\t\t\t\n\t\t\t<a class=\"text-decoration-none portfolio-link\" href=\"https:\/\/compra.uth.gr\/pt-pt\/course\/modulo-5-comunicacao-e-comunidade-intercultural-e-intergeracional\/\">\n\t\t\t\t<span class=\"thumb-info thumb-info-lighten\">\n\t\t\t\t\t<span class=\"thumb-info-wrapper\">\n\t\t\t\t\t\t\t\t\t\t\t\t\t\t\t<img loading=\"lazy\" decoding=\"async\" class=\"img-responsive\" src=\"https:\/\/compra.uth.gr\/wp-content\/uploads\/2018\/05\/course-6.jpg\" alt=\"\" width=\"263\" height=\"201\" \/>\n\t\t\t\t\t\t\t\t\t\n\t\t\t\t\t\t\n\t\t\t\t\t\t\n\t\t\t\t\t\t\t\t\t\t\t\t\t\t\t\t<span class=\"thumb-info-title\">\n\n\t\t\t\t\t\t\t\t\t\t<span class=\"thumb-info-inner\">M\u00f3dulo 5. Comunica\u00e7\u00e3o e Comunidade Intercultural e Intergeracional<\/span>\n\n\t\t\t\t\t\t\t\t\t\t\t\t\t\t\t\t\t\t\t\t\t<span class=\"thumb-info-type\">Comunica\u00e7\u00e3o<\/span>\n\t\t\t\t\t\t\t\t\t\t\n\t\t\t\t\t\t\t\t\t<\/span>\n\t\t\t\t\t\t\t\t\t\t\t\t\t\t\t\t\t\t\t\t\t\t\t\t\t\t\t<span class=\"thumb-info-action\">\n\t\t\t\t\t\t\t\t\t\t\t\t\t\t\t\t\t<span class=\"thumb-info-action-icon thumb-info-action-icon-dark opacity-8\"><i class=\"fa fa-link\"><\/i><\/span>\n\t\t\t\t\t\t\t\t\t\t\t\t\t\t\t\t\t\t\t\t\t\t\t<\/span>\n\t\t\t\t\t\t\t\t\t\t\t\t\t\t\t\t\t<\/span>\n\t\t\t\t<\/span>\n\t\t\t<\/a>\n\t\t\t\t\t\t\t\t<\/div>\n\t<\/article>\n\t\t<article class=\"portfolio portfolio-grid portfolio-col-3 comunicacao post-2146 type-portfolio status-publish has-post-thumbnail hentry portfolio_cat-comunicacao\">\n\t\t<h3 class=\"entry-title\" style=\"display: none;\">M\u00f3dulo 6. A m\u00eddia e o imagin\u00e1rio dos comuns<\/h3><span class=\"vcard\" style=\"display: none;\"><span class=\"fn\"><a href=\"https:\/\/compra.uth.gr\/pt-pt\/author\/itprojadmin\/\" title=\"Artigos de IT Administrator\" rel=\"author\">IT Administrator<\/a><\/span><\/span><span class=\"updated\" style=\"display:none\">2023-10-11T22:44:07+03:00<\/span>\t\t<div class=\"portfolio-item default\">\n\t\t\t\n\t\t\t<a class=\"text-decoration-none portfolio-link\" href=\"https:\/\/compra.uth.gr\/pt-pt\/course\/modulo-6-a-midia-e-o-imaginario-dos-comuns\/\">\n\t\t\t\t<span class=\"thumb-info thumb-info-lighten\">\n\t\t\t\t\t<span class=\"thumb-info-wrapper\">\n\t\t\t\t\t\t\t\t\t\t\t\t\t\t\t<img loading=\"lazy\" decoding=\"async\" class=\"img-responsive\" src=\"https:\/\/compra.uth.gr\/wp-content\/uploads\/2022\/12\/Module12.jpg\" alt=\"\" width=\"263\" height=\"201\" \/>\n\t\t\t\t\t\t\t\t\t\n\t\t\t\t\t\t\n\t\t\t\t\t\t\n\t\t\t\t\t\t\t\t\t\t\t\t\t\t\t\t<span class=\"thumb-info-title\">\n\n\t\t\t\t\t\t\t\t\t\t<span class=\"thumb-info-inner\">M\u00f3dulo 6. A m\u00eddia e o imagin\u00e1rio dos comuns<\/span>\n\n\t\t\t\t\t\t\t\t\t\t\t\t\t\t\t\t\t\t\t\t\t<span class=\"thumb-info-type\">Comunica\u00e7\u00e3o<\/span>\n\t\t\t\t\t\t\t\t\t\t\n\t\t\t\t\t\t\t\t\t<\/span>\n\t\t\t\t\t\t\t\t\t\t\t\t\t\t\t\t\t\t\t\t\t\t\t\t\t\t\t<span class=\"thumb-info-action\">\n\t\t\t\t\t\t\t\t\t\t\t\t\t\t\t\t\t<span class=\"thumb-info-action-icon thumb-info-action-icon-dark opacity-8\"><i class=\"fa fa-link\"><\/i><\/span>\n\t\t\t\t\t\t\t\t\t\t\t\t\t\t\t\t\t\t\t\t\t\t\t<\/span>\n\t\t\t\t\t\t\t\t\t\t\t\t\t\t\t\t\t<\/span>\n\t\t\t\t<\/span>\n\t\t\t<\/a>\n\t\t\t\t\t\t\t\t<\/div>\n\t<\/article>\n\t\t<article class=\"portfolio portfolio-grid portfolio-col-3 tecnologia post-2144 type-portfolio status-publish has-post-thumbnail hentry portfolio_cat-tecnologia\">\n\t\t<h3 class=\"entry-title\" style=\"display: none;\">M\u00f3dulo 7. Tecnologia e pr\u00e1ticas de comunh\u00e3o ponto a ponto<\/h3><span class=\"vcard\" style=\"display: none;\"><span class=\"fn\"><a href=\"https:\/\/compra.uth.gr\/pt-pt\/author\/itprojadmin\/\" title=\"Artigos de IT Administrator\" rel=\"author\">IT Administrator<\/a><\/span><\/span><span class=\"updated\" style=\"display:none\">2023-10-11T22:43:16+03:00<\/span>\t\t<div class=\"portfolio-item default\">\n\t\t\t\n\t\t\t<a class=\"text-decoration-none portfolio-link\" href=\"https:\/\/compra.uth.gr\/pt-pt\/course\/modulo-7-tecnologia-e-praticas-de-comunhao-ponto-a-ponto\/\">\n\t\t\t\t<span class=\"thumb-info thumb-info-lighten\">\n\t\t\t\t\t<span class=\"thumb-info-wrapper\">\n\t\t\t\t\t\t\t\t\t\t\t\t\t\t\t<img loading=\"lazy\" decoding=\"async\" class=\"img-responsive\" src=\"https:\/\/compra.uth.gr\/wp-content\/uploads\/2018\/05\/course-3.jpg\" alt=\"\" width=\"263\" height=\"201\" \/>\n\t\t\t\t\t\t\t\t\t\n\t\t\t\t\t\t\n\t\t\t\t\t\t\n\t\t\t\t\t\t\t\t\t\t\t\t\t\t\t\t<span class=\"thumb-info-title\">\n\n\t\t\t\t\t\t\t\t\t\t<span class=\"thumb-info-inner\">M\u00f3dulo 7. Tecnologia e pr\u00e1ticas de comunh\u00e3o ponto a ponto<\/span>\n\n\t\t\t\t\t\t\t\t\t\t\t\t\t\t\t\t\t\t\t\t\t<span class=\"thumb-info-type\">Tecnologia<\/span>\n\t\t\t\t\t\t\t\t\t\t\n\t\t\t\t\t\t\t\t\t<\/span>\n\t\t\t\t\t\t\t\t\t\t\t\t\t\t\t\t\t\t\t\t\t\t\t\t\t\t\t<span class=\"thumb-info-action\">\n\t\t\t\t\t\t\t\t\t\t\t\t\t\t\t\t\t<span class=\"thumb-info-action-icon thumb-info-action-icon-dark opacity-8\"><i class=\"fa fa-link\"><\/i><\/span>\n\t\t\t\t\t\t\t\t\t\t\t\t\t\t\t\t\t\t\t\t\t\t\t<\/span>\n\t\t\t\t\t\t\t\t\t\t\t\t\t\t\t\t\t<\/span>\n\t\t\t\t<\/span>\n\t\t\t<\/a>\n\t\t\t\t\t\t\t\t<\/div>\n\t<\/article>\n\t\t<article class=\"portfolio portfolio-grid portfolio-col-3 tecnologia post-2140 type-portfolio status-publish has-post-thumbnail hentry portfolio_cat-tecnologia\">\n\t\t<h3 class=\"entry-title\" style=\"display: none;\">M\u00f3dulo 8. Plataformas e ferramentas educacionais de comunh\u00e3o<\/h3><span class=\"vcard\" style=\"display: none;\"><span class=\"fn\"><a href=\"https:\/\/compra.uth.gr\/pt-pt\/author\/itprojadmin\/\" title=\"Artigos de IT Administrator\" rel=\"author\">IT Administrator<\/a><\/span><\/span><span class=\"updated\" style=\"display:none\">2023-10-11T22:42:46+03:00<\/span>\t\t<div class=\"portfolio-item default\">\n\t\t\t\n\t\t\t<a class=\"text-decoration-none portfolio-link\" href=\"https:\/\/compra.uth.gr\/pt-pt\/course\/modulo-8-plataformas-e-ferramentas-educacionais-de-comunhao\/\">\n\t\t\t\t<span class=\"thumb-info thumb-info-lighten\">\n\t\t\t\t\t<span class=\"thumb-info-wrapper\">\n\t\t\t\t\t\t\t\t\t\t\t\t\t\t\t<img loading=\"lazy\" decoding=\"async\" class=\"img-responsive\" src=\"https:\/\/compra.uth.gr\/wp-content\/uploads\/2022\/12\/Module7.jpg\" alt=\"\" width=\"263\" height=\"201\" \/>\n\t\t\t\t\t\t\t\t\t\n\t\t\t\t\t\t\n\t\t\t\t\t\t\n\t\t\t\t\t\t\t\t\t\t\t\t\t\t\t\t<span class=\"thumb-info-title\">\n\n\t\t\t\t\t\t\t\t\t\t<span class=\"thumb-info-inner\">M\u00f3dulo 8. Plataformas e ferramentas educacionais de comunh\u00e3o<\/span>\n\n\t\t\t\t\t\t\t\t\t\t\t\t\t\t\t\t\t\t\t\t\t<span class=\"thumb-info-type\">Tecnologia<\/span>\n\t\t\t\t\t\t\t\t\t\t\n\t\t\t\t\t\t\t\t\t<\/span>\n\t\t\t\t\t\t\t\t\t\t\t\t\t\t\t\t\t\t\t\t\t\t\t\t\t\t\t<span class=\"thumb-info-action\">\n\t\t\t\t\t\t\t\t\t\t\t\t\t\t\t\t\t<span class=\"thumb-info-action-icon thumb-info-action-icon-dark opacity-8\"><i class=\"fa fa-link\"><\/i><\/span>\n\t\t\t\t\t\t\t\t\t\t\t\t\t\t\t\t\t\t\t\t\t\t\t<\/span>\n\t\t\t\t\t\t\t\t\t\t\t\t\t\t\t\t\t<\/span>\n\t\t\t\t<\/span>\n\t\t\t<\/a>\n\t\t\t\t\t\t\t\t<\/div>\n\t<\/article>\n\t\t<article class=\"portfolio portfolio-grid portfolio-col-3 tecnologia post-2138 type-portfolio status-publish has-post-thumbnail hentry portfolio_cat-tecnologia\">\n\t\t<h3 class=\"entry-title\" style=\"display: none;\">M\u00f3dulo 9. Identidades e riscos num universo comum digitalizado<\/h3><span class=\"vcard\" style=\"display: none;\"><span class=\"fn\"><a href=\"https:\/\/compra.uth.gr\/pt-pt\/author\/itprojadmin\/\" title=\"Artigos de IT Administrator\" rel=\"author\">IT Administrator<\/a><\/span><\/span><span class=\"updated\" style=\"display:none\">2023-10-11T22:41:47+03:00<\/span>\t\t<div class=\"portfolio-item default\">\n\t\t\t\n\t\t\t<a class=\"text-decoration-none portfolio-link\" href=\"https:\/\/compra.uth.gr\/pt-pt\/course\/modulo-9-identidades-e-riscos-num-universo-comum-digitalizado\/\">\n\t\t\t\t<span class=\"thumb-info thumb-info-lighten\">\n\t\t\t\t\t<span class=\"thumb-info-wrapper\">\n\t\t\t\t\t\t\t\t\t\t\t\t\t\t\t<img loading=\"lazy\" decoding=\"async\" class=\"img-responsive\" src=\"https:\/\/compra.uth.gr\/wp-content\/uploads\/2022\/12\/Module5.jpg\" alt=\"\" width=\"263\" height=\"201\" \/>\n\t\t\t\t\t\t\t\t\t\n\t\t\t\t\t\t\n\t\t\t\t\t\t\n\t\t\t\t\t\t\t\t\t\t\t\t\t\t\t\t<span class=\"thumb-info-title\">\n\n\t\t\t\t\t\t\t\t\t\t<span class=\"thumb-info-inner\">M\u00f3dulo 9. Identidades e riscos num universo comum digitalizado<\/span>\n\n\t\t\t\t\t\t\t\t\t\t\t\t\t\t\t\t\t\t\t\t\t<span class=\"thumb-info-type\">Tecnologia<\/span>\n\t\t\t\t\t\t\t\t\t\t\n\t\t\t\t\t\t\t\t\t<\/span>\n\t\t\t\t\t\t\t\t\t\t\t\t\t\t\t\t\t\t\t\t\t\t\t\t\t\t\t<span class=\"thumb-info-action\">\n\t\t\t\t\t\t\t\t\t\t\t\t\t\t\t\t\t<span class=\"thumb-info-action-icon thumb-info-action-icon-dark opacity-8\"><i class=\"fa fa-link\"><\/i><\/span>\n\t\t\t\t\t\t\t\t\t\t\t\t\t\t\t\t\t\t\t\t\t\t\t<\/span>\n\t\t\t\t\t\t\t\t\t\t\t\t\t\t\t\t\t<\/span>\n\t\t\t\t<\/span>\n\t\t\t<\/a>\n\t\t\t\t\t\t\t\t<\/div>\n\t<\/article>\n\t\r\n\t\r\n\t\r\n\t\t<\/div>\r\n\r\n\t\r\n\t\r\n\t<\/div>\r\n\r\n\t\r\n\t\r\n\t<\/div>\t\t\t\t<\/div>\n\t\t\t\t<\/div>\n\t\t\t\t\t<\/div>\r\n\t\t\t\t<\/div>\r\n\t\t\t\t\t<\/div>\r\n\t\t\t\t<\/section>\r\n\t\t\t\t<\/div>\n\t\t","protected":false},"excerpt":{"rendered":"<p>Show All Tecnologia Comunica\u00e7\u00e3o Sociologia da Educa\u00e7\u00e3o, Juventude e Inf\u00e2ncia Introdu\u00e7\u00e3o M\u00f3dulo Introdut\u00f3rio: Os bens comuns na educa\u00e7\u00e3o IT Administrator2023-10-11T22:53:25+03:00 M\u00f3dulo Introdut\u00f3rio: Os bens comuns na educa\u00e7\u00e3o Introdu\u00e7\u00e3o M\u00f3dulo 1. Experimentalismo, democracia e bens comuns educacionais IT Administrator2023-10-11T22:52:28+03:00 M\u00f3dulo 1. Experimentalismo, democracia e bens comuns educacionais Sociologia da Educa\u00e7\u00e3o, Juventude e Inf\u00e2ncia M\u00f3dulo 2. Cuidado, [&hellip;]<\/p>\n","protected":false},"author":1,"featured_media":0,"parent":0,"menu_order":0,"comment_status":"closed","ping_status":"closed","template":"","meta":{"content-type":"","footnotes":""},"class_list":["post-1609","page","type-page","status-publish","hentry"],"_links":{"self":[{"href":"https:\/\/compra.uth.gr\/pt-pt\/wp-json\/wp\/v2\/pages\/1609","targetHints":{"allow":["GET"]}}],"collection":[{"href":"https:\/\/compra.uth.gr\/pt-pt\/wp-json\/wp\/v2\/pages"}],"about":[{"href":"https:\/\/compra.uth.gr\/pt-pt\/wp-json\/wp\/v2\/types\/page"}],"author":[{"embeddable":true,"href":"https:\/\/compra.uth.gr\/pt-pt\/wp-json\/wp\/v2\/users\/1"}],"replies":[{"embeddable":true,"href":"https:\/\/compra.uth.gr\/pt-pt\/wp-json\/wp\/v2\/comments?post=1609"}],"version-history":[{"count":4,"href":"https:\/\/compra.uth.gr\/pt-pt\/wp-json\/wp\/v2\/pages\/1609\/revisions"}],"predecessor-version":[{"id":2172,"href":"https:\/\/compra.uth.gr\/pt-pt\/wp-json\/wp\/v2\/pages\/1609\/revisions\/2172"}],"wp:attachment":[{"href":"https:\/\/compra.uth.gr\/pt-pt\/wp-json\/wp\/v2\/media?parent=1609"}],"curies":[{"name":"wp","href":"https:\/\/api.w.org\/{rel}","templated":true}]}}