{"id":1730,"date":"2023-01-31T21:53:57","date_gmt":"2023-01-31T18:53:57","guid":{"rendered":"https:\/\/compra.uth.gr\/primeira-conferencia-slyms\/"},"modified":"2023-10-02T21:52:43","modified_gmt":"2023-10-02T18:52:43","slug":"primeira-conferencia-slyms","status":"publish","type":"page","link":"https:\/\/compra.uth.gr\/pt-pt\/primeira-conferencia-slyms\/","title":{"rendered":"Confer\u00eancia COMPRA"},"content":{"rendered":"<h4 style=\"text-align: center;\">Pr\u00e1ticas Comuns na Educa\u00e7\u00e3o para a Inclus\u00e3o Social<\/h4>\n<h4 style=\"text-align: center;\">Confer\u00eancia Internacional, COMPRA<\/h4>\n<h4 style=\"text-align: center;\">4<sup>.<\/sup> de Fevereiro de 2023<\/h4>\n<h4 style=\"text-align: center;\">NOESIS, Sal\u00f3nica, Gr\u00e9cia<\/h4>\n<h4 style=\"text-align: center;\">&nbsp;<\/h4>\n<table>\n<tbody>\n<tr>\n<td width=\"180\"><strong>10:00 \u2013 10:30<\/strong><\/td>\n<td width=\"220\"><strong>Boas-vindas e registro<\/strong><\/td>\n<td width=\"215\">&nbsp;<\/td>\n<\/tr>\n<tr>\n<td width=\"180\"><strong>1\u00ba Painel de Curso de Treinamento Blended de Ciclo Curto sobre \u2018Pr\u00e1ticas Comuns (ComPra)<\/strong><\/td>\n<td width=\"220\">&nbsp;<\/td>\n<td width=\"215\">&nbsp;<\/td>\n<\/tr>\n<tr>\n<td width=\"180\"><strong>Charing Yannis Pechtelidis<\/strong><\/td>\n<td width=\"220\">&nbsp;<\/td>\n<td width=\"215\">&nbsp;<\/td>\n<\/tr>\n<tr>\n<td width=\"180\">&nbsp;<\/td>\n<td width=\"220\">&nbsp;<\/td>\n<td width=\"215\">&nbsp;<\/td>\n<\/tr>\n<tr>\n<td width=\"180\"><strong>10:30 \u2013 10:50<\/strong><\/td>\n<td width=\"220\"><em>Apresenta\u00e7\u00e3o do projeto COMPRA <\/em><\/td>\n<td width=\"215\"><strong>Ioannis Kozaris,<\/strong><\/p>\n<p>University of Thessaly<\/td>\n<\/tr>\n<tr>\n<td width=\"180\"><strong>10:50 \u2013 11:10<\/strong><\/td>\n<td width=\"220\"><em>Iniciativas prefigurativas e bens comuns educacionais: Li\u00e7\u00f5es aprendidas <\/em><\/td>\n<td width=\"215\"><strong>Alekos Pantazis,&nbsp;<\/strong><\/p>\n<p>University of Thessaly<\/td>\n<\/tr>\n<tr>\n<td width=\"180\"><strong>11:10 \u2013 11:30<\/strong><\/td>\n<td width=\"220\"><em>Na vis\u00e3o dos alunos do COMPRA: avaliando um curso semipresencial sobre pr\u00e1ticas comunit\u00e1rias<\/em><\/td>\n<td width=\"215\"><strong>Catarina Tom\u00e1s<\/strong> &amp;<\/p>\n<p><strong>Carolina Gon\u00e7alves<\/strong>,<\/p>\n<p>Instituto Polit\u00e9cnico de Lisboa,<\/p>\n<p><strong>Luc\u00eda del Moral-Esp\u00edn<\/strong>,<\/p>\n<p>Universidad de C\u00e1diz<\/p>\n<p><strong>Mittzy Arciniega C\u00e1ceres<\/strong>, Universitat Pompeu Fabra<\/td>\n<\/tr>\n<tr>\n<td width=\"180\"><strong>11:30 \u2013 11:50<\/strong><\/td>\n<td width=\"220\"><em>Aproximando-se dos Pilares dos Comuns. Infraestruturas de interven\u00e7\u00e3o social baseadas em bens comuns educativos&nbsp;<\/em><\/td>\n<td width=\"215\"><strong>Arciniega, Mittzy<\/strong><\/p>\n<p>Pompeu Fabra University<\/p>\n<p><strong>P\u00e1ez de la Torre Sonia <\/strong><\/p>\n<p>University of Girona<\/p>\n<p><strong>Serv\u00e1n-Melero, Cristina<\/strong> &amp;<\/p>\n<p><strong> del Moral-Esp\u00edn, Luc\u00eda<\/strong><\/p>\n<p>University of C\u00e1diz<\/td>\n<\/tr>\n<tr>\n<td width=\"180\"><strong>11:50 \u2013 12:10<\/strong><\/td>\n<td width=\"220\"><em>Discuss\u00e3o<\/em><\/td>\n<td width=\"215\">&nbsp;<\/td>\n<\/tr>\n<tr>\n<td width=\"180\"><strong>12.10 &#8211; 12.40<\/strong><\/td>\n<td width=\"220\"><strong>Pausa para caf\u00e9<\/strong><\/td>\n<td width=\"215\"><\/td>\n<\/tr>\n<\/tbody>\n<\/table>\n<p><strong>2\u00ba Painel Educacional Commons e Democracia<\/strong><\/p>\n<p><strong>Charing Nagia Tselepi<\/strong><\/p>\n<table>\n<tbody>\n<tr>\n<td width=\"180\"><strong>12:40 \u2013 13:00<\/strong><\/td>\n<td width=\"220\"><em>Reformulando a Democracia na Educa\u00e7\u00e3o atrav\u00e9s do Commons <\/em><\/td>\n<td width=\"215\"><strong>Yannis Pechtelidis<\/strong> University of Thessaly<\/td>\n<\/tr>\n<tr>\n<td width=\"180\"><strong>13:00 \u2013 13:20<\/strong><\/td>\n<td width=\"220\"><em>Commons Educacionais e Cidadania Democr\u00e1tica: O Potencial dos Comuns Digitais <\/em><\/td>\n<td width=\"215\"><strong>Sonia P\u00e1ez de Torre<\/strong><\/p>\n<p>Universidad de Girona<\/p>\n<p><strong> Mar\u00eda Jos\u00e9 Palacios<\/strong><\/p>\n<p><strong> Mittzy Arciniega &amp; <\/strong><\/p>\n<p><strong>M\u00f2nica Figueras<\/strong><\/p>\n<p>Universidad pompeu Fabra<\/td>\n<\/tr>\n<tr>\n<td width=\"180\"><strong>13:20 \u2013 13:40<\/strong><\/td>\n<td width=\"220\"><em>\u201cEscapando dos caminhos trilhados no ensino, na aprendizagem e na gest\u00e3o da sala de aula: Pr\u00e1ticas pedag\u00f3gicas dos comuns\u201d <\/em><\/td>\n<td width=\"215\"><strong>Stelios Pantazidis<\/strong><\/p>\n<p>University of Thessaly<\/td>\n<\/tr>\n<tr>\n<td width=\"180\"><strong>13.40-14.00<\/strong><\/td>\n<td width=\"220\">Discuss\u00e3o<\/td>\n<td width=\"215\">&nbsp;<\/td>\n<\/tr>\n<tr>\n<td width=\"180\"><strong>14:00- 15:30<\/strong><\/td>\n<td width=\"220\"><strong>Almo\u00e7o Leve\/Networking<\/strong><\/td>\n<td width=\"215\"><strong>&nbsp;<\/strong><\/td>\n<\/tr>\n<tr>\n<td width=\"180\"><strong>3\u00ba Painel Revertendo Desigualdades e Inclus\u00e3o Social<\/strong><\/p>\n<p><strong>Charing Stelios Pantazidis<\/strong><\/td>\n<td width=\"220\">&nbsp;<\/td>\n<td width=\"215\">&nbsp;<\/td>\n<\/tr>\n<tr>\n<td width=\"180\"><strong>15:30 \u2013 15:50<\/strong><\/td>\n<td width=\"220\"><em>Pr\u00e1ticas educativas para a inclus\u00e3o de crian\u00e7as refugiadas e migrantes<\/em><\/td>\n<td width=\"215\"><strong>Elena Aslanidou<\/strong><\/p>\n<p>Associa\u00e7\u00e3o de Apoio Social \u00e0 Juventude (ARSIS)<\/td>\n<\/tr>\n<tr>\n<td width=\"180\"><strong>15:50 \u2013 16:10 <\/strong><\/td>\n<td width=\"220\"><em>Uma escola de comuns: Pedagogias arquitet\u00f3nicas alternativas partilhando experi\u00eancias com comunidades rurais e coletivos de arquitetura em toda a Europa, ERASMUS + KA2<\/em><\/td>\n<td width=\"215\"><strong>Natasa Lekkou<\/strong><\/p>\n<p>Zuloark<\/td>\n<\/tr>\n<tr>\n<td width=\"180\"><strong>16:10 \u2013 17:10<\/strong><\/td>\n<td width=\"220\"><em>A metodologia da Sociocracia como ferramenta de igualdade e inclus\u00e3o. Workshop <\/em><\/td>\n<td width=\"215\"><strong>Naya Tselepi<\/strong><\/p>\n<p>Aristotle University of Thessaloniki<\/td>\n<\/tr>\n<tr>\n<td width=\"180\"><strong>17:10 \u2013 17:30<\/strong><\/td>\n<td width=\"220\"><em>Parceria Escola-Comunidade para Reverter a Desigualdade e a Exclus\u00e3o. O Projeto Inclus\u00e3o4Schools da UE<\/em><\/td>\n<td width=\"215\"><strong>B\u00e9la Kardon<\/strong><\/p>\n<p>Centro Regional de Informa\u00e7\u00e3o e Desenvolvimento Cient\u00edfico<\/td>\n<\/tr>\n<tr>\n<td width=\"180\"><strong>17:30- 18:10<\/strong><\/td>\n<td width=\"220\">Constru\u00e7\u00e3o de conhecimento e documenta\u00e7\u00e3o pedag\u00f3gica em uma escola libert\u00e1ria baseada no bem comum<\/td>\n<td width=\"215\"><strong>&nbsp;Silia Raditsa <\/strong><\/p>\n<p>University of Thessaly<\/p>\n<p><strong>Sasa Dimitriadou<\/strong> &amp;<\/p>\n<p><strong> Sofia Sarakenidou<\/strong><\/p>\n<p>Instituto de Teoria e Pr\u00e1tica da Educa\u00e7\u00e3o Libert\u00e1ria &#8220;A Pequena \u00c1rvore&#8221;<\/td>\n<\/tr>\n<tr>\n<td width=\"180\"><strong>18:10 &#8211; 18.30<\/strong><\/td>\n<td width=\"220\"><em>Escrita criativa uma forma alternativa de interagir com crian\u00e7as com Dificuldades de Aprendizagem<\/em><\/td>\n<td width=\"215\"><strong>Elpida Papadaniil<\/strong><\/p>\n<p>IEK DELTA 360<\/td>\n<\/tr>\n<tr>\n<td width=\"180\"><strong>18:30 &#8211; 19.00<\/strong><\/td>\n<td width=\"220\"><em>Discuss\u00e3o &#8211; Considera\u00e7\u00f5es Finais<\/em><\/td>\n<td width=\"215\">&nbsp;<\/td>\n<\/tr>\n<tr>\n<td width=\"180\">20:30<\/td>\n<td width=\"220\"><strong>Jantar no centro da cidade todos juntos<\/strong><\/td>\n<td width=\"215\">&nbsp;<\/td>\n<\/tr>\n<\/tbody>\n<\/table>\n","protected":false},"excerpt":{"rendered":"<p>Pr\u00e1ticas Comuns na Educa\u00e7\u00e3o para a Inclus\u00e3o Social Confer\u00eancia Internacional, COMPRA 4. de Fevereiro de 2023 NOESIS, Sal\u00f3nica, Gr\u00e9cia &nbsp; 10:00 \u2013 10:30 Boas-vindas e registro &nbsp; 1\u00ba Painel de Curso de Treinamento Blended de Ciclo Curto sobre \u2018Pr\u00e1ticas Comuns (ComPra) &nbsp; &nbsp; Charing Yannis Pechtelidis &nbsp; &nbsp; &nbsp; &nbsp; &nbsp; 10:30 \u2013 10:50 Apresenta\u00e7\u00e3o [&hellip;]<\/p>\n","protected":false},"author":2,"featured_media":0,"parent":0,"menu_order":0,"comment_status":"closed","ping_status":"closed","template":"","meta":{"content-type":"","footnotes":""},"class_list":["post-1730","page","type-page","status-publish","hentry"],"_links":{"self":[{"href":"https:\/\/compra.uth.gr\/pt-pt\/wp-json\/wp\/v2\/pages\/1730","targetHints":{"allow":["GET"]}}],"collection":[{"href":"https:\/\/compra.uth.gr\/pt-pt\/wp-json\/wp\/v2\/pages"}],"about":[{"href":"https:\/\/compra.uth.gr\/pt-pt\/wp-json\/wp\/v2\/types\/page"}],"author":[{"embeddable":true,"href":"https:\/\/compra.uth.gr\/pt-pt\/wp-json\/wp\/v2\/users\/2"}],"replies":[{"embeddable":true,"href":"https:\/\/compra.uth.gr\/pt-pt\/wp-json\/wp\/v2\/comments?post=1730"}],"version-history":[{"count":5,"href":"https:\/\/compra.uth.gr\/pt-pt\/wp-json\/wp\/v2\/pages\/1730\/revisions"}],"predecessor-version":[{"id":1936,"href":"https:\/\/compra.uth.gr\/pt-pt\/wp-json\/wp\/v2\/pages\/1730\/revisions\/1936"}],"wp:attachment":[{"href":"https:\/\/compra.uth.gr\/pt-pt\/wp-json\/wp\/v2\/media?parent=1730"}],"curies":[{"name":"wp","href":"https:\/\/api.w.org\/{rel}","templated":true}]}}