{"id":1851,"date":"2023-09-30T23:21:56","date_gmt":"2023-09-30T20:21:56","guid":{"rendered":"https:\/\/compra.uth.gr\/sobre-nos\/"},"modified":"2023-09-30T23:24:48","modified_gmt":"2023-09-30T20:24:48","slug":"sobre-nos","status":"publish","type":"page","link":"https:\/\/compra.uth.gr\/pt-pt\/sobre-nos\/","title":{"rendered":"Sobre n\u00f3s"},"content":{"rendered":"\t\t<div data-elementor-type=\"wp-page\" data-elementor-id=\"1851\" class=\"elementor elementor-1851 elementor-86\">\n\t\t\t\t\t\t<section class=\"elementor-section elementor-top-section elementor-element elementor-element-3a2303c1 elementor-section-boxed elementor-section-height-default elementor-section-height-default\" data-id=\"3a2303c1\" data-element_type=\"section\">\r\n\t\t\r\n\t\t\t\t\t\t\t<div class=\"elementor-container elementor-column-gap-default\">\r\n\t\t\t\t\t\t\t\t\t\t\t<div class=\"elementor-column elementor-col-100 elementor-top-column elementor-element elementor-element-5d0387a0\" data-id=\"5d0387a0\" data-element_type=\"column\">\r\n\t\t\t\t\t<div class=\"elementor-widget-wrap elementor-element-populated\">\r\n\t\t\t\t\t\t\t\t<div class=\"elementor-element elementor-element-6056cef elementor-widget elementor-widget-text-editor\" data-id=\"6056cef\" data-element_type=\"widget\" data-widget_type=\"text-editor.default\">\n\t\t\t\t<div class=\"elementor-widget-container\">\n\t\t\t\t\t\t\t\t\t<p>Nos \u00faltimos anos, em circunst\u00e2ncias de crise econ\u00f3mica, pol\u00edtica, ambiental e sanit\u00e1ria, as pessoas t\u00eam procurado l\u00f3gicas, pr\u00e1ticas e \u00e9ticas alternativas em resposta \u00e0 exclus\u00e3o social, ao desemprego e ao subemprego, ao desd\u00e9m pela democracia e \u00e0 degrada\u00e7\u00e3o ambiental. Procuram explorar, construir e defender um modo de vida diferente e colaborativo, que promova ideais democr\u00e1ticos, igualitarismo, criatividade, comunidade atrav\u00e9s das diferen\u00e7as e rela\u00e7\u00f5es sustent\u00e1veis entre os seres humanos e a natureza. A educa\u00e7\u00e3o \u00e9 de import\u00e2ncia vital neste sentido, pois pode funcionar como uma alavanca para o avan\u00e7o de tais processos de constru\u00e7\u00e3o social alternativa. A incuba\u00e7\u00e3o de projetos educativos experimentais, colaborativos e n\u00e3o convencionais n\u00e3o \u00e9 nova na Europa. No entanto, nos \u00faltimos anos, acelerou o ritmo impulsionado pela crise geral socioecon\u00f3mica, ambiental e sanit\u00e1ria.<\/p>\n\t\t\t\t\t\t\t\t<\/div>\n\t\t\t\t<\/div>\n\t\t\t\t<div class=\"elementor-element elementor-element-eabe001 elementor-widget elementor-widget-text-editor\" data-id=\"eabe001\" data-element_type=\"widget\" data-widget_type=\"text-editor.default\">\n\t\t\t\t<div class=\"elementor-widget-container\">\n\t\t\t\t\t\t\t\t\t<p>O projecto de Cursos de Forma\u00e7\u00e3o Combinados de Curta Dura\u00e7\u00e3o sobre &#8216;Pr\u00e1ticas Comuns (doravante ComPra) introduz o paradigma emergente dos &#8216;comuns&#8217; como um sistema alternativo de valor e ac\u00e7\u00e3o no campo da educa\u00e7\u00e3o, e delineia criticamente as implica\u00e7\u00f5es dos bens comuns para a reconfigura\u00e7\u00e3o educa\u00e7\u00e3o e possibilitando a inclus\u00e3o social ativa e promovendo o bem-estar para todos. Os bens comuns s\u00e3o sistemas sociais vivos e din\u00e2micos que se desenvolvem em torno dos valores da propriedade colectiva e da gest\u00e3o igualit\u00e1ria de recursos ou bens estabelecidos por diferentes comunidades para garantir a sobreviv\u00eancia e a prosperidade de cada um dos seus membros (Bollier &amp; Helfrich 2012). As pessoas que aceitaram a l\u00f3gica dos comuns, ou seja, os plebeus, procuram criar uma rede social de coopera\u00e7\u00e3o, solidariedade, di\u00e1logo, partilha e interdepend\u00eancia que ligue todos os membros de uma comunidade igualmente.<\/p>\n\t\t\t\t\t\t\t\t<\/div>\n\t\t\t\t<\/div>\n\t\t\t\t<section class=\"elementor-section elementor-inner-section elementor-element elementor-element-36ab8b1 elementor-section-boxed elementor-section-height-default elementor-section-height-default\" data-id=\"36ab8b1\" data-element_type=\"section\">\r\n\t\t\r\n\t\t\t\t\t\t\t<div class=\"elementor-container elementor-column-gap-default\">\r\n\t\t\t\t\t\t\t\t\t\t\t<div class=\"elementor-column elementor-col-33 elementor-inner-column elementor-element elementor-element-b779ef2 elementor-invisible\" data-id=\"b779ef2\" data-element_type=\"column\" data-settings=\"{&quot;animation&quot;:&quot;fadeInUp&quot;,&quot;animation_delay&quot;:&quot;200&quot;}\">\r\n\t\t\t\t\t<div class=\"elementor-widget-wrap elementor-element-populated\">\r\n\t\t\t\t\t\t\t\t<div class=\"elementor-element elementor-element-4db0f26 elementor-widget elementor-widget-porto_info_box\" data-id=\"4db0f26\" data-element_type=\"widget\" data-widget_type=\"porto_info_box.default\">\n\t\t\t\t<div class=\"elementor-widget-container\">\n\t\t\t\t\t<div class=\"porto-sicon-box style_1 left-icon\"><div class=\"porto-sicon-left\"><div class=\"porto-just-icon-wrapper porto-sicon-img  porto-icon-d751713988987e9331980363e24189ce\" style=\"\"><img decoding=\"async\" class=\"img-icon\" alt=\"icon\" src=\"https:\/\/compra.uth.gr\/wp-content\/uploads\/2018\/05\/icon-1.png\" width=\"96\" height=\"70\" \/><\/div><\/div><div class=\"porto-sicon-body\"><div class=\"porto-sicon-header\"><h3 class=\"porto-sicon-title\" style=\"\">Guias do Tutor<\/h3><\/div> <!-- header --><div class=\"porto-sicon-description\" style=\"\" ><p>Como envolver os alunos de forma eficaz e criativa no ambiente de aprendizagem do curso.<\/p><\/div> <!-- description --><\/div><\/div><!-- porto-sicon-box -->\t\t\t\t<\/div>\n\t\t\t\t<\/div>\n\t\t\t\t\t<\/div>\r\n\t\t\t\t<\/div>\r\n\t\t\t\t<div class=\"elementor-column elementor-col-33 elementor-inner-column elementor-element elementor-element-33e59b8 elementor-invisible\" data-id=\"33e59b8\" data-element_type=\"column\" data-settings=\"{&quot;animation&quot;:&quot;fadeInUp&quot;,&quot;animation_delay&quot;:&quot;400&quot;}\">\r\n\t\t\t\t\t<div class=\"elementor-widget-wrap elementor-element-populated\">\r\n\t\t\t\t\t\t\t\t<div class=\"elementor-element elementor-element-8ff6012 elementor-widget elementor-widget-porto_info_box\" data-id=\"8ff6012\" data-element_type=\"widget\" data-widget_type=\"porto_info_box.default\">\n\t\t\t\t<div class=\"elementor-widget-container\">\n\t\t\t\t\t<div class=\"porto-sicon-box style_1 left-icon\"><div class=\"porto-sicon-left\"><div class=\"porto-just-icon-wrapper porto-sicon-img  porto-icon-d751713988987e9331980363e24189ce\" style=\"\"><img decoding=\"async\" class=\"img-icon\" alt=\"icon\" src=\"https:\/\/compra.uth.gr\/wp-content\/uploads\/2018\/05\/icon-2.png\" width=\"98\" height=\"80\" \/><\/div><\/div><div class=\"porto-sicon-body\"><div class=\"porto-sicon-header\"><h3 class=\"porto-sicon-title\" style=\"\">Conte\u00fado de aprendizagem<\/h3><\/div> <!-- header --><div class=\"porto-sicon-description\" style=\"\" ><p>O quadro te\u00f3rico dos bens comuns, os bens comuns educativos, as crian\u00e7as como cidad\u00e3os comuns, a governa\u00e7\u00e3o entre pares, a vis\u00e3o de investiga\u00e7\u00e3o dos bens comuns quando estudamos um ambiente educativo.<\/p><\/div> <!-- description --><\/div><\/div><!-- porto-sicon-box -->\t\t\t\t<\/div>\n\t\t\t\t<\/div>\n\t\t\t\t\t<\/div>\r\n\t\t\t\t<\/div>\r\n\t\t\t\t<div class=\"elementor-column elementor-col-33 elementor-inner-column elementor-element elementor-element-3098d3c elementor-invisible\" data-id=\"3098d3c\" data-element_type=\"column\" data-settings=\"{&quot;animation&quot;:&quot;fadeInUp&quot;,&quot;animation_delay&quot;:&quot;600&quot;}\">\r\n\t\t\t\t\t<div class=\"elementor-widget-wrap elementor-element-populated\">\r\n\t\t\t\t\t\t\t\t<div class=\"elementor-element elementor-element-63ffd41 elementor-widget elementor-widget-porto_info_box\" data-id=\"63ffd41\" data-element_type=\"widget\" data-widget_type=\"porto_info_box.default\">\n\t\t\t\t<div class=\"elementor-widget-container\">\n\t\t\t\t\t<div class=\"porto-sicon-box style_1 left-icon\"><div class=\"porto-sicon-left\"><div class=\"porto-just-icon-wrapper porto-sicon-img  porto-icon-d751713988987e9331980363e24189ce\" style=\"\"><img decoding=\"async\" class=\"img-icon\" alt=\"icon\" src=\"https:\/\/compra.uth.gr\/wp-content\/uploads\/2018\/05\/icon-3.png\" width=\"98\" height=\"86\" \/><\/div><\/div><div class=\"porto-sicon-body\"><div class=\"porto-sicon-header\"><h3 class=\"porto-sicon-title\" style=\"\">Estrat\u00e9gias de Ensino<\/h3><\/div> <!-- header --><div class=\"porto-sicon-description\" style=\"\" ><p>Programas de Ciclo Curto e metodologias pedag\u00f3gicas de e-Learning<\/p><\/div> <!-- description --><\/div><\/div><!-- porto-sicon-box -->\t\t\t\t<\/div>\n\t\t\t\t<\/div>\n\t\t\t\t\t<\/div>\r\n\t\t\t\t<\/div>\r\n\t\t\t\t\t<\/div>\r\n\t\t\t\t<\/section>\r\n\t\t\t\t<div class=\"elementor-element elementor-element-8cafca1 elementor-widget elementor-widget-text-editor\" data-id=\"8cafca1\" data-element_type=\"widget\" data-widget_type=\"text-editor.default\">\n\t\t\t\t<div class=\"elementor-widget-container\">\n\t\t\t\t\t\t\t\t\t<p>O objetivo do projeto \u00e9 permitir que estudantes do ensino superior de Ci\u00eancias da Educa\u00e7\u00e3o, Ci\u00eancias Sociais, Servi\u00e7o Social e Comunica\u00e7\u00e3o explorem valores e pr\u00e1ticas da pedagogia dos comuns e se familiarizem com a utiliza\u00e7\u00e3o de metodologias e ferramentas inovadoras. Isto permitir-lhes-ia desenvolver um ambiente educativo baseado nos bens comuns, ajudando as crian\u00e7as e os jovens a agirem como \u201cplebeus\u201d. Atrav\u00e9s do desenvolvimento de cursos de forma\u00e7\u00e3o de ciclo curto sobre &#8216;Pr\u00e1ticas Comuns&#8217;, baseados num esquema de aprendizagem mista, os estudantes do ensino superior ir\u00e3o adquirir conhecimentos te\u00f3ricos e pr\u00e1ticos em torno do discurso dos comuns (l\u00f3gica de partilha e cuidado dos comuns, rela\u00e7\u00f5es justas e abertas, coparticipa\u00e7\u00e3o na produ\u00e7\u00e3o ou disponibiliza\u00e7\u00e3o de conhecimento) e desenvolver compet\u00eancias para a constru\u00e7\u00e3o e fortalecimento da identidade de plebeu tanto para eles quanto para seus futuros alunos.<\/p>\n\t\t\t\t\t\t\t\t<\/div>\n\t\t\t\t<\/div>\n\t\t\t\t<section class=\"elementor-section elementor-inner-section elementor-element elementor-element-4dc1965 elementor-section-boxed elementor-section-height-default elementor-section-height-default\" data-id=\"4dc1965\" data-element_type=\"section\">\r\n\t\t\r\n\t\t\t\t\t\t\t<div class=\"elementor-container elementor-column-gap-default\">\r\n\t\t\t\t\t\t\t\t\t\t\t<div class=\"elementor-column elementor-col-25 elementor-inner-column elementor-element elementor-element-101cdfc elementor-invisible\" data-id=\"101cdfc\" data-element_type=\"column\" data-settings=\"{&quot;animation&quot;:&quot;fadeInUp&quot;}\">\r\n\t\t\t\t\t<div class=\"elementor-widget-wrap elementor-element-populated\">\r\n\t\t\t\t\t\t\t\t<div class=\"elementor-element elementor-element-b9786e3 elementor-widget elementor-widget-image\" data-id=\"b9786e3\" data-element_type=\"widget\" data-widget_type=\"image.default\">\n\t\t\t\t<div class=\"elementor-widget-container\">\n\t\t\t\t\t\t\t\t\t\t\t\t\t\t\t<img loading=\"lazy\" decoding=\"async\" width=\"230\" height=\"201\" src=\"https:\/\/compra.uth.gr\/wp-content\/uploads\/2022\/12\/Module17.jpg\" class=\"attachment-large size-large wp-image-1290\" alt=\"\" \/>\t\t\t\t\t\t\t\t\t\t\t\t\t\t\t<\/div>\n\t\t\t\t<\/div>\n\t\t\t\t\t<\/div>\r\n\t\t\t\t<\/div>\r\n\t\t\t\t<div class=\"elementor-column elementor-col-25 elementor-inner-column elementor-element elementor-element-939f4d6 elementor-invisible\" data-id=\"939f4d6\" data-element_type=\"column\" data-settings=\"{&quot;animation&quot;:&quot;fadeInUp&quot;,&quot;animation_delay&quot;:&quot;300&quot;}\">\r\n\t\t\t\t\t<div class=\"elementor-widget-wrap elementor-element-populated\">\r\n\t\t\t\t\t\t\t\t<div class=\"elementor-element elementor-element-e50caa7 elementor-widget elementor-widget-image\" data-id=\"e50caa7\" data-element_type=\"widget\" data-widget_type=\"image.default\">\n\t\t\t\t<div class=\"elementor-widget-container\">\n\t\t\t\t\t\t\t\t\t\t\t\t\t\t\t<img loading=\"lazy\" decoding=\"async\" width=\"230\" height=\"201\" src=\"https:\/\/compra.uth.gr\/wp-content\/uploads\/2022\/12\/Module15.jpg\" class=\"attachment-large size-large wp-image-1286\" alt=\"\" \/>\t\t\t\t\t\t\t\t\t\t\t\t\t\t\t<\/div>\n\t\t\t\t<\/div>\n\t\t\t\t\t<\/div>\r\n\t\t\t\t<\/div>\r\n\t\t\t\t<div class=\"elementor-column elementor-col-25 elementor-inner-column elementor-element elementor-element-b73c157 elementor-invisible\" data-id=\"b73c157\" data-element_type=\"column\" data-settings=\"{&quot;animation&quot;:&quot;fadeInUp&quot;,&quot;animation_delay&quot;:&quot;600&quot;}\">\r\n\t\t\t\t\t<div class=\"elementor-widget-wrap elementor-element-populated\">\r\n\t\t\t\t\t\t\t\t<div class=\"elementor-element elementor-element-6dddca1 elementor-widget elementor-widget-image\" data-id=\"6dddca1\" data-element_type=\"widget\" data-widget_type=\"image.default\">\n\t\t\t\t<div class=\"elementor-widget-container\">\n\t\t\t\t\t\t\t\t\t\t\t\t\t\t\t<img loading=\"lazy\" decoding=\"async\" width=\"230\" height=\"201\" src=\"https:\/\/compra.uth.gr\/wp-content\/uploads\/2022\/12\/Module16.jpg\" class=\"attachment-large size-large wp-image-1288\" alt=\"\" \/>\t\t\t\t\t\t\t\t\t\t\t\t\t\t\t<\/div>\n\t\t\t\t<\/div>\n\t\t\t\t\t<\/div>\r\n\t\t\t\t<\/div>\r\n\t\t\t\t<div class=\"elementor-column elementor-col-25 elementor-inner-column elementor-element elementor-element-2f0e54e elementor-invisible\" data-id=\"2f0e54e\" data-element_type=\"column\" data-settings=\"{&quot;animation&quot;:&quot;fadeInUp&quot;,&quot;animation_delay&quot;:&quot;900&quot;}\">\r\n\t\t\t\t\t<div class=\"elementor-widget-wrap elementor-element-populated\">\r\n\t\t\t\t\t\t\t\t<div class=\"elementor-element elementor-element-b8c2dac elementor-widget elementor-widget-image\" data-id=\"b8c2dac\" data-element_type=\"widget\" data-widget_type=\"image.default\">\n\t\t\t\t<div class=\"elementor-widget-container\">\n\t\t\t\t\t\t\t\t\t\t\t\t\t\t\t<img loading=\"lazy\" decoding=\"async\" width=\"230\" height=\"201\" src=\"https:\/\/compra.uth.gr\/wp-content\/uploads\/2022\/12\/Module14.jpg\" class=\"attachment-large size-large wp-image-1284\" alt=\"\" \/>\t\t\t\t\t\t\t\t\t\t\t\t\t\t\t<\/div>\n\t\t\t\t<\/div>\n\t\t\t\t\t<\/div>\r\n\t\t\t\t<\/div>\r\n\t\t\t\t\t<\/div>\r\n\t\t\t\t<\/section>\r\n\t\t\t\t<div class=\"elementor-element elementor-element-5aac26e elementor-widget elementor-widget-text-editor\" data-id=\"5aac26e\" data-element_type=\"widget\" data-widget_type=\"text-editor.default\">\n\t\t\t\t<div class=\"elementor-widget-container\">\n\t\t\t\t\t\t\t\t\t<p>O projeto abre com uma produ\u00e7\u00e3o intelectual (doravante IO1) sobre a cria\u00e7\u00e3o de um Guia Metodol\u00f3gico para o desenvolvimento de um curso de forma\u00e7\u00e3o de ciclo curto na \u00e1rea de \u2018Pr\u00e1ticas Comuns\u2019. Esta sa\u00edda consiste em quatro cap\u00edtulos<\/span><\/p>\n\t\t\t\t\t\t\t\t<\/div>\n\t\t\t\t<\/div>\n\t\t\t\t<div class=\"elementor-element elementor-element-136349d elementor-widget elementor-widget-porto_button\" data-id=\"136349d\" data-element_type=\"widget\" data-widget_type=\"porto_button.default\">\n\t\t\t\t<div class=\"elementor-widget-container\">\n\t\t\t\t\t<a aria-label=\"button\" class=\"btn btn-xl btn-primary btn-block btn-full-rounded btn-icon\" href=\"https:\/\/compra.uth.gr\/wp-content\/uploads\/2021\/12\/Guidelines-for-COMPRA-Short-Cycle_en.pdf\"><i class=\"fas fa-download\"><\/i><span >Baixe as Diretrizes do ComPra para saber mais<\/span><span class=\"dir-arrow hlb\" data-appear-animation-delay=\"800\" data-appear-animation=\"rotateInUpLeft\"><\/span><\/a>\t\t\t\t<\/div>\n\t\t\t\t<\/div>\n\t\t\t\t\t<\/div>\r\n\t\t\t\t<\/div>\r\n\t\t\t\t\t<\/div>\r\n\t\t\t\t<\/section>\r\n\t\t\t\t<\/div>\n\t\t","protected":false},"excerpt":{"rendered":"<p>Nos \u00faltimos anos, em circunst\u00e2ncias de crise econ\u00f3mica, pol\u00edtica, ambiental e sanit\u00e1ria, as pessoas t\u00eam procurado l\u00f3gicas, pr\u00e1ticas e \u00e9ticas alternativas em resposta \u00e0 exclus\u00e3o social, ao desemprego e ao subemprego, ao desd\u00e9m pela democracia e \u00e0 degrada\u00e7\u00e3o ambiental. Procuram explorar, construir e defender um modo de vida diferente e colaborativo, que promova ideais democr\u00e1ticos, [&hellip;]<\/p>\n","protected":false},"author":1,"featured_media":0,"parent":0,"menu_order":0,"comment_status":"closed","ping_status":"closed","template":"","meta":{"content-type":"","footnotes":""},"class_list":["post-1851","page","type-page","status-publish","hentry"],"_links":{"self":[{"href":"https:\/\/compra.uth.gr\/pt-pt\/wp-json\/wp\/v2\/pages\/1851","targetHints":{"allow":["GET"]}}],"collection":[{"href":"https:\/\/compra.uth.gr\/pt-pt\/wp-json\/wp\/v2\/pages"}],"about":[{"href":"https:\/\/compra.uth.gr\/pt-pt\/wp-json\/wp\/v2\/types\/page"}],"author":[{"embeddable":true,"href":"https:\/\/compra.uth.gr\/pt-pt\/wp-json\/wp\/v2\/users\/1"}],"replies":[{"embeddable":true,"href":"https:\/\/compra.uth.gr\/pt-pt\/wp-json\/wp\/v2\/comments?post=1851"}],"version-history":[{"count":5,"href":"https:\/\/compra.uth.gr\/pt-pt\/wp-json\/wp\/v2\/pages\/1851\/revisions"}],"predecessor-version":[{"id":1856,"href":"https:\/\/compra.uth.gr\/pt-pt\/wp-json\/wp\/v2\/pages\/1851\/revisions\/1856"}],"wp:attachment":[{"href":"https:\/\/compra.uth.gr\/pt-pt\/wp-json\/wp\/v2\/media?parent=1851"}],"curies":[{"name":"wp","href":"https:\/\/api.w.org\/{rel}","templated":true}]}}